{"id":605,"date":"2015-07-10T17:15:13","date_gmt":"2015-07-10T17:15:13","guid":{"rendered":"http:\/\/www.hrrio.cl\/web2\/?page_id=605"},"modified":"2026-02-05T10:45:20","modified_gmt":"2026-02-05T13:45:20","slug":"damas-de-magenta","status":"publish","type":"page","link":"https:\/\/www.hrrio.cl\/web2\/voluntariados\/damas-de-magenta\/","title":{"rendered":"Damas de Magenta"},"content":{"rendered":"<p>[et_pb_section fb_built=\u00bb1&#8243; fullwidth=\u00bbon\u00bb custom_padding_last_edited=\u00bbon|desktop\u00bb _builder_version=\u00bb3.22&#8243; background_color=\u00bb#ffffff\u00bb background_image=\u00bbhttp:\/\/www.hrrio.cl\/web2\/wp-content\/uploads\/2015\/07\/fondo-azul.jpg\u00bb parallax=\u00bbon\u00bb parallax_method=\u00bboff\u00bb custom_padding_tablet=\u00bb50px|0|50px|0&#8243; custom_padding_phone=\u00bb\u00bb transparent_background=\u00bboff\u00bb padding_mobile=\u00bboff\u00bb make_fullwidth=\u00bboff\u00bb use_custom_width=\u00bboff\u00bb width_unit=\u00bbon\u00bb][et_pb_fullwidth_header title=\u00bbDamas de Magenta\u00bb admin_label=\u00bbFullwidth Header\u00bb _builder_version=\u00bb3.16&#8243; background_color=\u00bbrgba(255, 255, 255, 0)\u00bb max_width_tablet=\u00bb50px\u00bb button_one_text_size__hover_enabled=\u00bboff\u00bb button_two_text_size__hover_enabled=\u00bboff\u00bb button_one_text_color__hover_enabled=\u00bboff\u00bb button_two_text_color__hover_enabled=\u00bboff\u00bb button_one_border_width__hover_enabled=\u00bboff\u00bb button_two_border_width__hover_enabled=\u00bboff\u00bb button_one_border_color__hover_enabled=\u00bboff\u00bb button_two_border_color__hover_enabled=\u00bboff\u00bb button_one_border_radius__hover_enabled=\u00bboff\u00bb button_two_border_radius__hover_enabled=\u00bboff\u00bb button_one_letter_spacing__hover_enabled=\u00bboff\u00bb button_two_letter_spacing__hover_enabled=\u00bboff\u00bb button_one_bg_color__hover_enabled=\u00bboff\u00bb button_two_bg_color__hover_enabled=\u00bboff\u00bb][\/et_pb_fullwidth_header][\/et_pb_section][et_pb_section fb_built=\u00bb1&#8243; specialty=\u00bbon\u00bb _builder_version=\u00bb3.22&#8243;][et_pb_column type=\u00bb1_3&#8243; _builder_version=\u00bb3.25&#8243; custom_padding=\u00bb|||\u00bb custom_padding__hover=\u00bb|||\u00bb][et_pb_blurb title=\u00bbQui\u00e9nes somos\u00bb image=\u00bbhttp:\/\/www.hrrio.cl\/web2\/wp-content\/uploads\/2020\/08\/WhatsApp-Image-2020-08-31-at-09.49.11.jpeg\u00bb admin_label=\u00bbAnuncio (Quienes Somos)\u00bb _builder_version=\u00bb4.5.6&#8243; background_image=\u00bbhttp:\/\/www.hrrio.cl\/web2\/wp-content\/uploads\/2015\/07\/fondo-naranjo.jpg\u00bb background_size=\u00bbinitial\u00bb background_position=\u00bbtop_left\u00bb background_repeat=\u00bbrepeat\u00bb background_layout=\u00bbdark\u00bb max_width_tablet=\u00bb50px\u00bb custom_padding=\u00bb20|20|20|20&#8243; use_border_color=\u00bboff\u00bb saved_tabs=\u00bball\u00bb]Somos el voluntariado de la Unidad Hemato Oncolog\u00eda del Hospital de Ni\u00f1os Dr. Roberto del R\u00edo.<br \/>\n[\/et_pb_blurb][\/et_pb_column][et_pb_column type=\u00bb2_3&#8243; specialty_columns=\u00bb2&#8243; _builder_version=\u00bb3.25&#8243; custom_padding=\u00bb|||\u00bb custom_padding__hover=\u00bb|||\u00bb][et_pb_row_inner _builder_version=\u00bb3.25&#8243;][et_pb_column_inner saved_specialty_column_type=\u00bb2_3&#8243; _builder_version=\u00bb3.25&#8243; custom_padding=\u00bb|||\u00bb custom_padding__hover=\u00bb|||\u00bb][et_pb_blurb title=\u00bbObjetivos\u00bb use_icon=\u00bbon\u00bb font_icon=\u00bb%%158%%\u00bb icon_color=\u00bb#ffffff\u00bb use_circle=\u00bbon\u00bb circle_color=\u00bb#1e73be\u00bb icon_placement=\u00bbleft\u00bb use_icon_font_size=\u00bbon\u00bb icon_font_size=\u00bb50&#8243; admin_label=\u00bbAnuncio (Objetivos)\u00bb _builder_version=\u00bb3.9&#8243; background_size=\u00bbinitial\u00bb background_position=\u00bbtop_left\u00bb background_repeat=\u00bbrepeat\u00bb max_width_tablet=\u00bb50px\u00bb use_border_color=\u00bboff\u00bb]Acompa\u00f1ar y contener a ni\u00f1os, ni\u00f1as y sus familias en el diagn\u00f3stico, proceso y desarrollo de su enfermedad.<br \/>\n[\/et_pb_blurb][et_pb_divider color=\u00bb#1e73be\u00bb divider_style=\u00bbdotted\u00bb divider_weight=\u00bb5&#8243; disabled_on=\u00bbon|on|off\u00bb _builder_version=\u00bb3.23.4&#8243; height=\u00bb10px\u00bb custom_css_main_element=\u00bbmargin-left:100px\u00bb hide_on_mobile=\u00bbon\u00bb saved_tabs=\u00bball\u00bb][\/et_pb_divider][et_pb_blurb title=\u00bbC\u00f3mo nos financiamos\u00bb use_icon=\u00bbon\u00bb font_icon=\u00bb%%155%%\u00bb icon_color=\u00bb#ffffff\u00bb use_circle=\u00bbon\u00bb circle_color=\u00bb#1e73be\u00bb icon_placement=\u00bbleft\u00bb use_icon_font_size=\u00bbon\u00bb icon_font_size=\u00bb50&#8243; admin_label=\u00bbAnuncio (Como nos financiamos)\u00bb _builder_version=\u00bb3.9&#8243; background_size=\u00bbinitial\u00bb background_position=\u00bbtop_left\u00bb background_repeat=\u00bbrepeat\u00bb max_width_tablet=\u00bb50px\u00bb use_border_color=\u00bboff\u00bb]Con la realizaci\u00f3n de un bazar mensual que se desarrolla gracias a las donaciones de art\u00edculos de colaboradores particulares.<br \/>\n[\/et_pb_blurb][et_pb_divider color=\u00bb#1e73be\u00bb divider_style=\u00bbdotted\u00bb divider_weight=\u00bb5&#8243; disabled_on=\u00bbon|on|off\u00bb _builder_version=\u00bb3.23.4&#8243; height=\u00bb10px\u00bb custom_css_main_element=\u00bbmargin-left:100px\u00bb hide_on_mobile=\u00bbon\u00bb saved_tabs=\u00bball\u00bb][\/et_pb_divider][et_pb_blurb title=\u00bbActividades\u00bb use_icon=\u00bbon\u00bb font_icon=\u00bb%%155%%\u00bb icon_color=\u00bb#ffffff\u00bb use_circle=\u00bbon\u00bb circle_color=\u00bb#1e73be\u00bb icon_placement=\u00bbleft\u00bb use_icon_font_size=\u00bbon\u00bb icon_font_size=\u00bb50&#8243; admin_label=\u00bbAnuncio (Actividades)\u00bb _builder_version=\u00bb3.9&#8243; background_size=\u00bbinitial\u00bb background_position=\u00bbtop_left\u00bb background_repeat=\u00bbrepeat\u00bb max_width_tablet=\u00bb50px\u00bb use_border_color=\u00bboff\u00bb]<\/p>\n<ul>\n<li>Desayunos de lunes a viernes para pacientes y sus acompa\u00f1antes, los que se entregan en el Policl\u00ednico de Hemato Oncolog\u00eda.<\/li>\n<li>Entrega de canastas familiares.<\/li>\n<li>Organizaci\u00f3n y preparaci\u00f3n de distintas actividades en fechas como el d\u00eda del ni\u00f1o, d\u00eda de la madre, fiestas patrias y navidad, entre otras.<\/li>\n<li>Apoyo en Unidad Ambulatoria de Oncolog\u00eda.<\/li>\n<li>Trabajo en red con todos los voluntariados del Hospital, seg\u00fan las necesidades de la Instituci\u00f3n.<\/li>\n<\/ul>\n<p>[\/et_pb_blurb][et_pb_divider color=\u00bb#1e73be\u00bb divider_style=\u00bbdotted\u00bb divider_weight=\u00bb5&#8243; disabled_on=\u00bbon|on|off\u00bb _builder_version=\u00bb3.23.4&#8243; height=\u00bb10px\u00bb custom_css_main_element=\u00bbmargin-left:100px\u00bb hide_on_mobile=\u00bbon\u00bb saved_tabs=\u00bball\u00bb][\/et_pb_divider][et_pb_blurb title=\u00bbContacto\u00bb use_icon=\u00bbon\u00bb font_icon=\u00bb%%109%%\u00bb icon_color=\u00bb#ffffff\u00bb use_circle=\u00bbon\u00bb circle_color=\u00bb#1e73be\u00bb icon_placement=\u00bbleft\u00bb use_icon_font_size=\u00bbon\u00bb icon_font_size=\u00bb50&#8243; admin_label=\u00bbAnuncio (Contacto)\u00bb _builder_version=\u00bb4.4.7&#8243; background_size=\u00bbinitial\u00bb background_position=\u00bbtop_left\u00bb background_repeat=\u00bbrepeat\u00bb max_width_tablet=\u00bb50px\u00bb custom_padding=\u00bb||7px|||\u00bb use_border_color=\u00bboff\u00bb]<\/p>\n<p><strong>Coordinadora: <\/strong>Patricia Andrea Olagaray Martinez<\/p>\n<p><strong>Tel\u00e9fono: <\/strong>926172489<\/p>\n<p><strong>Mail: <\/strong>damasdemagenta@gmail.com<\/p>\n<p>[\/et_pb_blurb][\/et_pb_column_inner][\/et_pb_row_inner][\/et_pb_column][\/et_pb_section]<\/p>\n","protected":false},"excerpt":{"rendered":"<p>[et_pb_section fb_built=\u00bb1&#8243; fullwidth=\u00bbon\u00bb custom_padding_last_edited=\u00bbon|desktop\u00bb _builder_version=\u00bb3.22&#8243; background_color=\u00bb#ffffff\u00bb background_image=\u00bbhttp:\/\/www.hrrio.cl\/web2\/wp-content\/uploads\/2015\/07\/fondo-azul.jpg\u00bb parallax=\u00bbon\u00bb parallax_method=\u00bboff\u00bb custom_padding_tablet=\u00bb50px|0|50px|0&#8243; custom_padding_phone=\u00bb\u00bb transparent_background=\u00bboff\u00bb padding_mobile=\u00bboff\u00bb make_fullwidth=\u00bboff\u00bb use_custom_width=\u00bboff\u00bb width_unit=\u00bbon\u00bb][et_pb_fullwidth_header title=\u00bbDamas de Magenta\u00bb admin_label=\u00bbFullwidth Header\u00bb _builder_version=\u00bb3.16&#8243; background_color=\u00bbrgba(255, 255, 255, 0)\u00bb max_width_tablet=\u00bb50px\u00bb button_one_text_size__hover_enabled=\u00bboff\u00bb button_two_text_size__hover_enabled=\u00bboff\u00bb button_one_text_color__hover_enabled=\u00bboff\u00bb button_two_text_color__hover_enabled=\u00bboff\u00bb button_one_border_width__hover_enabled=\u00bboff\u00bb button_two_border_width__hover_enabled=\u00bboff\u00bb button_one_border_color__hover_enabled=\u00bboff\u00bb button_two_border_color__hover_enabled=\u00bboff\u00bb button_one_border_radius__hover_enabled=\u00bboff\u00bb button_two_border_radius__hover_enabled=\u00bboff\u00bb button_one_letter_spacing__hover_enabled=\u00bboff\u00bb button_two_letter_spacing__hover_enabled=\u00bboff\u00bb button_one_bg_color__hover_enabled=\u00bboff\u00bb button_two_bg_color__hover_enabled=\u00bboff\u00bb][\/et_pb_fullwidth_header][\/et_pb_section][et_pb_section fb_built=\u00bb1&#8243; specialty=\u00bbon\u00bb _builder_version=\u00bb3.22&#8243;][et_pb_column type=\u00bb1_3&#8243; _builder_version=\u00bb3.25&#8243; custom_padding=\u00bb|||\u00bb custom_padding__hover=\u00bb|||\u00bb][et_pb_blurb title=\u00bbQui\u00e9nes somos\u00bb image=\u00bbhttp:\/\/www.hrrio.cl\/web2\/wp-content\/uploads\/2020\/08\/WhatsApp-Image-2020-08-31-at-09.49.11.jpeg\u00bb admin_label=\u00bbAnuncio (Quienes Somos)\u00bb _builder_version=\u00bb4.5.6&#8243; [&hellip;]<\/p>\n","protected":false},"author":1,"featured_media":0,"parent":546,"menu_order":0,"comment_status":"open","ping_status":"open","template":"","meta":{"_et_pb_use_builder":"on","_et_pb_old_content":"","_et_gb_content_width":""},"_links":{"self":[{"href":"https:\/\/www.hrrio.cl\/web2\/wp-json\/wp\/v2\/pages\/605"}],"collection":[{"href":"https:\/\/www.hrrio.cl\/web2\/wp-json\/wp\/v2\/pages"}],"about":[{"href":"https:\/\/www.hrrio.cl\/web2\/wp-json\/wp\/v2\/types\/page"}],"author":[{"embeddable":true,"href":"https:\/\/www.hrrio.cl\/web2\/wp-json\/wp\/v2\/users\/1"}],"replies":[{"embeddable":true,"href":"https:\/\/www.hrrio.cl\/web2\/wp-json\/wp\/v2\/comments?post=605"}],"version-history":[{"count":2,"href":"https:\/\/www.hrrio.cl\/web2\/wp-json\/wp\/v2\/pages\/605\/revisions"}],"predecessor-version":[{"id":21440,"href":"https:\/\/www.hrrio.cl\/web2\/wp-json\/wp\/v2\/pages\/605\/revisions\/21440"}],"up":[{"embeddable":true,"href":"https:\/\/www.hrrio.cl\/web2\/wp-json\/wp\/v2\/pages\/546"}],"wp:attachment":[{"href":"https:\/\/www.hrrio.cl\/web2\/wp-json\/wp\/v2\/media?parent=605"}],"curies":[{"name":"wp","href":"https:\/\/api.w.org\/{rel}","templated":true}]}}