{"id":20758,"date":"2025-06-24T11:15:33","date_gmt":"2025-06-24T14:15:33","guid":{"rendered":"https:\/\/www.hrrio.cl\/web2\/?page_id=20758"},"modified":"2025-06-25T17:43:48","modified_gmt":"2025-06-25T20:43:48","slug":"cuenta-publica","status":"publish","type":"page","link":"https:\/\/www.hrrio.cl\/web2\/cuenta-publica\/","title":{"rendered":"CUENTA P\u00daBLICA"},"content":{"rendered":"<p>[et_pb_section fb_built=\u00bb1&#8243; fullwidth=\u00bbon\u00bb custom_padding_last_edited=\u00bbon|desktop\u00bb disabled_on=\u00bbon|on|off\u00bb admin_label=\u00bbsection\u00bb _builder_version=\u00bb4.9.7&#8243; background_color=\u00bb#ffffff\u00bb background_image=\u00bbhttp:\/\/www.hrrio.cl\/web2\/wp-content\/uploads\/2015\/07\/fondo-azul.jpg\u00bb parallax=\u00bbon\u00bb parallax_method=\u00bboff\u00bb custom_padding_tablet=\u00bb50px|0|50px|0&#8243; custom_padding_phone=\u00bb\u00bb transparent_background=\u00bboff\u00bb padding_mobile=\u00bboff\u00bb make_fullwidth=\u00bboff\u00bb use_custom_width=\u00bboff\u00bb width_unit=\u00bbon\u00bb][et_pb_fullwidth_header title=\u00bbCuenta P\u00fablica Participativa\u00bb content_max_width=\u00bbnone\u00bb admin_label=\u00bbFullwidth Header (Nombre de la Unidad)\u00bb _builder_version=\u00bb4.9.7&#8243; title_font=\u00bb|on|||\u00bb title_font_size=\u00bb46&#8243; background_color=\u00bbrgba(255, 255, 255, 0)\u00bb custom_margin=\u00bb||-37px|||\u00bb custom_padding=\u00bb51px|||||\u00bb button_one_letter_spacing_hover=\u00bb0&#8243; button_two_letter_spacing_hover=\u00bb0&#8243; button_one_text_size__hover_enabled=\u00bboff\u00bb button_two_text_size__hover_enabled=\u00bboff\u00bb button_one_text_color__hover_enabled=\u00bboff\u00bb button_two_text_color__hover_enabled=\u00bboff\u00bb button_one_border_width__hover_enabled=\u00bboff\u00bb button_two_border_width__hover_enabled=\u00bboff\u00bb button_one_border_color__hover_enabled=\u00bboff\u00bb button_two_border_color__hover_enabled=\u00bboff\u00bb button_one_border_radius__hover_enabled=\u00bboff\u00bb button_two_border_radius__hover_enabled=\u00bboff\u00bb button_one_letter_spacing__hover_enabled=\u00bbon\u00bb button_one_letter_spacing__hover=\u00bb0&#8243; button_two_letter_spacing__hover_enabled=\u00bbon\u00bb button_two_letter_spacing__hover=\u00bb0&#8243; button_one_bg_color__hover_enabled=\u00bboff\u00bb button_two_bg_color__hover_enabled=\u00bboff\u00bb]<\/p>\n<h2><\/h2>\n<p>[\/et_pb_fullwidth_header][\/et_pb_section][et_pb_section fb_built=\u00bb1&#8243; fullwidth=\u00bbon\u00bb custom_padding_last_edited=\u00bbon|desktop\u00bb disabled_on=\u00bboff|off|on\u00bb admin_label=\u00bbsection\u00bb _builder_version=\u00bb4.9.7&#8243; background_color=\u00bb#ffffff\u00bb background_image=\u00bbhttp:\/\/www.hrrio.cl\/web2\/wp-content\/uploads\/2015\/07\/fondo-azul.jpg\u00bb parallax=\u00bbon\u00bb parallax_method=\u00bboff\u00bb width=\u00bb100%\u00bb custom_padding_tablet=\u00bb50px|0|50px|0&#8243; custom_padding_phone=\u00bb50px|0px|50px|0||\u00bb transparent_background=\u00bboff\u00bb padding_mobile=\u00bboff\u00bb make_fullwidth=\u00bboff\u00bb use_custom_width=\u00bboff\u00bb width_unit=\u00bbon\u00bb][et_pb_fullwidth_header title=\u00bbCuenta P\u00fablica Participativa\u00bb content_max_width=\u00bbnone\u00bb admin_label=\u00bbFullwidth Header (Nombre de la Unidad)\u00bb _builder_version=\u00bb4.9.7&#8243; title_font=\u00bb|on|||\u00bb title_font_size=\u00bb46&#8243; background_color=\u00bbrgba(255, 255, 255, 0)\u00bb width=\u00bb100%\u00bb custom_margin=\u00bb||-48px|||\u00bb custom_padding=\u00bb51px|0px||||\u00bb button_one_letter_spacing_hover=\u00bb0&#8243; button_two_letter_spacing_hover=\u00bb0&#8243; button_one_text_size__hover_enabled=\u00bboff\u00bb button_two_text_size__hover_enabled=\u00bboff\u00bb button_one_text_color__hover_enabled=\u00bboff\u00bb button_two_text_color__hover_enabled=\u00bboff\u00bb button_one_border_width__hover_enabled=\u00bboff\u00bb button_two_border_width__hover_enabled=\u00bboff\u00bb button_one_border_color__hover_enabled=\u00bboff\u00bb button_two_border_color__hover_enabled=\u00bboff\u00bb button_one_border_radius__hover_enabled=\u00bboff\u00bb button_two_border_radius__hover_enabled=\u00bboff\u00bb button_one_letter_spacing__hover_enabled=\u00bbon\u00bb button_one_letter_spacing__hover=\u00bb0&#8243; button_two_letter_spacing__hover_enabled=\u00bbon\u00bb button_two_letter_spacing__hover=\u00bb0&#8243; button_one_bg_color__hover_enabled=\u00bboff\u00bb button_two_bg_color__hover_enabled=\u00bboff\u00bb]<\/p>\n<p>&nbsp;<\/p>\n<p>&nbsp;<\/p>\n<p>[\/et_pb_fullwidth_header][\/et_pb_section][et_pb_section fb_built=\u00bb1&#8243; custom_padding_last_edited=\u00bbon|desktop\u00bb admin_label=\u00bbsection\u00bb _builder_version=\u00bb4.9.7&#8243; background_color=\u00bb#ffffff\u00bb custom_margin=\u00bb30px|-1px||||\u00bb custom_padding_tablet=\u00bb50px|0|50px|0&#8243; custom_padding_phone=\u00bb50px|0px|50px|0|true|\u00bb transparent_background=\u00bboff\u00bb padding_mobile=\u00bboff\u00bb make_fullwidth=\u00bboff\u00bb use_custom_width=\u00bboff\u00bb width_unit=\u00bbon\u00bb][et_pb_row column_structure=\u00bb1_2,1_2&#8243; disabled_on=\u00bbon|on|off\u00bb _builder_version=\u00bb4.9.7&#8243; _module_preset=\u00bbdefault\u00bb width=\u00bb257.5%\u00bb min_height=\u00bb407.3px\u00bb custom_margin=\u00bb|327px|1px|327px||true\u00bb custom_padding=\u00bb0px|21px|0px|34px||\u00bb][et_pb_column type=\u00bb1_2&#8243; _builder_version=\u00bb4.9.7&#8243; _module_preset=\u00bbdefault\u00bb][et_pb_blurb disabled_on=\u00bbon|on|off\u00bb _builder_version=\u00bb4.9.7&#8243; _module_preset=\u00bbdefault\u00bb width=\u00bb99.6%\u00bb min_height=\u00bb458.4px\u00bb custom_margin=\u00bb|387px|-24px|2px||\u00bb custom_padding=\u00bb27px|10px|0px|0px||\u00bb]<\/p>\n<p style=\"text-align: justify;\"><span style=\"color: #333333;\"><\/span><\/p>\n<p style=\"text-align: justify;\"><span style=\"color: #333333;\">La <strong>participaci\u00f3n ciudadana<\/strong> es un principio fundamental de la gesti\u00f3n p\u00fablica moderna. A trav\u00e9s de diversos mecanismos, buscamos fortalecer la relaci\u00f3n entre la ciudadan\u00eda y nuestra instituci\u00f3n, promoviendo la transparencia, el control social y la mejora continua de nuestros servicios.<\/span><\/p>\n<p style=\"text-align: justify;\"><span style=\"color: #333333;\"><strong>Cuenta P\u00fablica Participativa<\/strong><\/span><\/p>\n<p style=\"text-align: justify;\"><span style=\"color: #333333;\">Las Cuentas P\u00fablicas Participativas son espacios de di\u00e1logo abierto entre las autoridades p\u00fablicas y la comunidad. En ellas, la instituci\u00f3n <strong>rinde cuenta de su gesti\u00f3n anual<\/strong>, permitiendo a la ciudadan\u00eda informarse, opinar, evaluar y proponer mejoras.<\/span><\/p>\n<p style=\"text-align: justify;\"><span style=\"color: #333333;\">En este marco, el <strong>director del Hospital de Ni\u00f1os Dr. Roberto del R\u00edo<\/strong> presenta a la comunidad los principales logros, desaf\u00edos y acciones del per\u00edodo 2024 y abre un proceso de <strong>Consulta Ciudadana<\/strong>, donde todos y todas pueden entregar su opini\u00f3n.<\/span><\/p>\n<p style=\"text-align: justify;\"><span style=\"color: #333333;\"><\/span><\/p>\n<p style=\"text-align: justify;\"><span style=\"color: #333333;\"><\/span><\/p>\n<p style=\"text-align: justify;\"><span style=\"color: #333333;\"><\/span><\/p>\n<p>[\/et_pb_blurb][\/et_pb_column][et_pb_column type=\u00bb1_2&#8243; _builder_version=\u00bb4.9.7&#8243; _module_preset=\u00bbdefault\u00bb][et_pb_image src=\u00bbhttp:\/\/www.hrrio.cl\/web2\/wp-content\/uploads\/2025\/05\/OP2.png\u00bb title_text=\u00bbOP2&#8243; _builder_version=\u00bb4.9.7&#8243; _module_preset=\u00bbdefault\u00bb width=\u00bb67%\u00bb min_height=\u00bb286.8px\u00bb custom_margin=\u00bb|-364px|31px|-25px|false|false\u00bb custom_padding=\u00bb17px|2px|0px|0px||\u00bb][\/et_pb_image][\/et_pb_column][\/et_pb_row][et_pb_row column_structure=\u00bb1_2,1_2&#8243; disabled_on=\u00bboff|off|on\u00bb _builder_version=\u00bb4.9.7&#8243; _module_preset=\u00bbdefault\u00bb width=\u00bb149.9%\u00bb min_height=\u00bb407.3px\u00bb custom_margin=\u00bb|-19px|1px|-19px||true\u00bb custom_padding=\u00bb0px|21px|0px|104px||\u00bb][et_pb_column type=\u00bb1_2&#8243; _builder_version=\u00bb4.9.7&#8243; _module_preset=\u00bbdefault\u00bb][et_pb_blurb disabled_on=\u00bboff|off|on\u00bb _builder_version=\u00bb4.9.7&#8243; _module_preset=\u00bbdefault\u00bb width=\u00bb77.2%\u00bb custom_margin=\u00bb-57px|-142px||-37px||\u00bb custom_padding=\u00bb0px|60px|0px|0px||\u00bb]<\/p>\n<p style=\"text-align: justify;\"><span style=\"color: #333333;\"><\/span><\/p>\n<p style=\"text-align: justify;\"><span style=\"color: #333333;\">La <strong>participaci\u00f3n ciudadana<\/strong> es un principio fundamental de la gesti\u00f3n p\u00fablica moderna. A trav\u00e9s de diversos mecanismos, buscamos fortalecer la relaci\u00f3n entre la ciudadan\u00eda y nuestra instituci\u00f3n, promoviendo la transparencia, el control social y la mejora continua de nuestros servicios.<\/span><\/p>\n<p style=\"text-align: justify;\"><span style=\"color: #333333;\"><strong>Cuenta P\u00fablica Participativa<\/strong><\/span><\/p>\n<p style=\"text-align: justify;\"><span style=\"color: #333333;\">Las Cuentas P\u00fablicas Participativas son espacios de di\u00e1logo abierto entre las autoridades p\u00fablicas y la comunidad. En ellas, la instituci\u00f3n <strong>rinde cuenta de su gesti\u00f3n anual<\/strong>, permitiendo a la ciudadan\u00eda informarse, opinar, evaluar y proponer mejoras.<\/span><\/p>\n<p style=\"text-align: justify;\"><span style=\"color: #333333;\">En este marco, el <strong>director del Hospital de Ni\u00f1os Dr. Roberto del R\u00edo<\/strong> presenta a la comunidad los principales logros, desaf\u00edos y acciones del per\u00edodo 2024 y abre un proceso de <strong>Consulta Ciudadana<\/strong>, donde todos y todas pueden entregar su opini\u00f3n.<\/span><\/p>\n<p style=\"text-align: justify;\"><span style=\"color: #333333;\"><\/span><\/p>\n<p style=\"text-align: justify;\"><span style=\"color: #333333;\"><\/span><\/p>\n<p style=\"text-align: justify;\"><span style=\"color: #333333;\"><\/span><\/p>\n<p>[\/et_pb_blurb][\/et_pb_column][et_pb_column type=\u00bb1_2&#8243; _builder_version=\u00bb4.9.7&#8243; _module_preset=\u00bbdefault\u00bb][\/et_pb_column][\/et_pb_row][et_pb_row disabled_on=\u00bboff|off|on\u00bb _builder_version=\u00bb4.9.7&#8243; _module_preset=\u00bbdefault\u00bb custom_margin=\u00bb|-20px||16px||\u00bb custom_padding=\u00bb0px|||||\u00bb][et_pb_column type=\u00bb4_4&#8243; _builder_version=\u00bb4.9.7&#8243; _module_preset=\u00bbdefault\u00bb][et_pb_image src=\u00bbhttp:\/\/www.hrrio.cl\/web2\/wp-content\/uploads\/2025\/05\/OP2.png\u00bb title_text=\u00bbOP2&#8243; _builder_version=\u00bb4.9.7&#8243; _module_preset=\u00bbdefault\u00bb custom_margin=\u00bb-107px|||34px||\u00bb custom_padding=\u00bb65px|||0px||\u00bb][\/et_pb_image][\/et_pb_column][\/et_pb_row][et_pb_row _builder_version=\u00bb4.9.7&#8243; _module_preset=\u00bbdefault\u00bb width=\u00bb88%\u00bb min_height=\u00bb71.4px\u00bb custom_margin=\u00bb-23px|129px|-27px|129px||false\u00bb custom_padding=\u00bb0px||0px|0px||\u00bb][et_pb_column type=\u00bb4_4&#8243; _builder_version=\u00bb4.9.7&#8243; _module_preset=\u00bbdefault\u00bb][\/et_pb_column][\/et_pb_row][et_pb_row column_structure=\u00bb1_4,1_4,1_4,1_4&#8243; disabled_on=\u00bbon|on|off\u00bb _builder_version=\u00bb4.9.7&#8243; _module_preset=\u00bbdefault\u00bb background_color=\u00bb#0034a8&#8243; background_enable_image=\u00bboff\u00bb parallax=\u00bbon\u00bb width=\u00bb62.1%\u00bb min_height=\u00bb146.4px\u00bb custom_margin=\u00bb-29px|auto||357px||\u00bb custom_padding=\u00bb30px||27px|0px||\u00bb][et_pb_column type=\u00bb1_4&#8243; _builder_version=\u00bb4.9.7&#8243; _module_preset=\u00bbdefault\u00bb custom_padding=\u00bb8px||9px||false|false\u00bb][et_pb_text _builder_version=\u00bb4.9.7&#8243; _module_preset=\u00bbdefault\u00bb][\/et_pb_text][\/et_pb_column][et_pb_column type=\u00bb1_4&#8243; _builder_version=\u00bb4.9.7&#8243; _module_preset=\u00bbdefault\u00bb][et_pb_image src=\u00bbhttp:\/\/www.hrrio.cl\/web2\/wp-content\/uploads\/2025\/04\/cute-doodle-calendar-to-school-planner-icon-stationery-supplies-hand-drawing-illustration-png.webp\u00bb title_text=\u00bbcute-doodle-calendar-to-school-planner-icon-stationery-supplies-hand-drawing-illustration-png\u00bb disabled_on=\u00bbon|on|off\u00bb _builder_version=\u00bb4.9.7&#8243; _module_preset=\u00bbdefault\u00bb width=\u00bb118.8%\u00bb min_height=\u00bb83.7px\u00bb custom_margin=\u00bb4px|98px|-26px|-279px||\u00bb custom_padding=\u00bb|185px|7px|22px||\u00bb][\/et_pb_image][\/et_pb_column][et_pb_column type=\u00bb1_4&#8243; _builder_version=\u00bb4.9.7&#8243; _module_preset=\u00bbdefault\u00bb][et_pb_image src=\u00bbhttp:\/\/www.hrrio.cl\/web2\/wp-content\/uploads\/2025\/04\/cute-doodle-calendar-to-school-planner-icon-stationery-supplies-hand-drawing-illustration-png.webp\u00bb title_text=\u00bbcute-doodle-calendar-to-school-planner-icon-stationery-supplies-hand-drawing-illustration-png\u00bb _builder_version=\u00bb4.9.7&#8243; _module_preset=\u00bbdefault\u00bb width=\u00bb87.9%\u00bb custom_margin=\u00bb||-4px|||\u00bb custom_padding=\u00bb0px|396px||||\u00bb][\/et_pb_image][\/et_pb_column][et_pb_column type=\u00bb1_4&#8243; _builder_version=\u00bb4.9.7&#8243; _module_preset=\u00bbdefault\u00bb custom_padding=\u00bb0px||||false|false\u00bb border_style_all=\u00bbinset\u00bb][et_pb_text disabled_on=\u00bbon|on|off\u00bb _builder_version=\u00bb4.9.7&#8243; _module_preset=\u00bbdefault\u00bb width=\u00bb296.5%\u00bb min_height=\u00bb101.4px\u00bb custom_margin=\u00bb-14px|||-755px||\u00bb custom_padding=\u00bb|12px||||\u00bb]<\/p>\n<p><strong><\/strong><\/p>\n<h3><span style=\"color: #ffffff;\"><strong>Calendario del Proceso Participativo<\/strong><\/span><\/h3>\n<p><span style=\"color: #ffffff;\"><strong>6 A 22 DE JUNIO DE 2025:<\/strong> Publicaci\u00f3n del Informe Borrador y apertura de la Consulta Ciudadana.<br \/><strong>26 DE JUNIO DE 2025:<\/strong> Ceremonia de presentaci\u00f3n de la Cuenta P\u00fablica 2024.<br \/><\/span><span style=\"color: #ffffff;\"><strong>26 DE JUNIO DE 2025:<\/strong> Publicaci\u00f3n del informe final de la Cuenta P\u00fablica 2024.\u00a0<\/span><\/p>\n<p>[\/et_pb_text][\/et_pb_column][\/et_pb_row][et_pb_row column_structure=\u00bb1_2,1_2&#8243; disabled_on=\u00bbon|on|off\u00bb _builder_version=\u00bb4.9.7&#8243; _module_preset=\u00bbdefault\u00bb width=\u00bb100%\u00bb min_height=\u00bb42px\u00bb custom_margin=\u00bb|657px|-34px|auto||\u00bb custom_padding=\u00bb0px|80px||1px||\u00bb][et_pb_column type=\u00bb1_2&#8243; _builder_version=\u00bb4.9.7&#8243; _module_preset=\u00bbdefault\u00bb][\/et_pb_column][et_pb_column type=\u00bb1_2&#8243; _builder_version=\u00bb4.9.7&#8243; _module_preset=\u00bbdefault\u00bb][\/et_pb_column][\/et_pb_row][et_pb_row column_structure=\u00bb1_4,1_4,1_4,1_4&#8243; disabled_on=\u00bbon|on|off\u00bb _builder_version=\u00bb4.9.7&#8243; _module_preset=\u00bbdefault\u00bb background_color=\u00bb#f59f17&#8243; background_enable_image=\u00bboff\u00bb parallax=\u00bbon\u00bb width=\u00bb100%\u00bb min_height=\u00bb227.2px\u00bb custom_margin=\u00bb8px|396px||354px||\u00bb custom_padding=\u00bb24px||0px|0px||\u00bb locked=\u00bboff\u00bb][et_pb_column type=\u00bb1_4&#8243; _builder_version=\u00bb4.9.7&#8243; _module_preset=\u00bbdefault\u00bb][et_pb_text _builder_version=\u00bb4.9.7&#8243; _module_preset=\u00bbdefault\u00bb][\/et_pb_text][\/et_pb_column][et_pb_column type=\u00bb1_4&#8243; _builder_version=\u00bb4.9.7&#8243; _module_preset=\u00bbdefault\u00bb][et_pb_image src=\u00bbhttp:\/\/www.hrrio.cl\/web2\/wp-content\/uploads\/2025\/04\/4403531.png\u00bb title_text=\u00bb4403531&#8243; disabled_on=\u00bbon|on|off\u00bb _builder_version=\u00bb4.9.7&#8243; _module_preset=\u00bbdefault\u00bb width=\u00bb128.4%\u00bb custom_margin=\u00bb|98px||-286px||\u00bb custom_padding=\u00bb|185px|29px|22px||\u00bb][\/et_pb_image][\/et_pb_column][et_pb_column type=\u00bb1_4&#8243; _builder_version=\u00bb4.9.7&#8243; _module_preset=\u00bbdefault\u00bb][et_pb_image src=\u00bbhttp:\/\/www.hrrio.cl\/web2\/wp-content\/uploads\/2025\/04\/cute-doodle-calendar-to-school-planner-icon-stationery-supplies-hand-drawing-illustration-png.webp\u00bb title_text=\u00bbcute-doodle-calendar-to-school-planner-icon-stationery-supplies-hand-drawing-illustration-png\u00bb _builder_version=\u00bb4.9.7&#8243; _module_preset=\u00bbdefault\u00bb width=\u00bb87.9%\u00bb custom_margin=\u00bb||-4px|||\u00bb custom_padding=\u00bb0px|396px||||\u00bb][\/et_pb_image][\/et_pb_column][et_pb_column type=\u00bb1_4&#8243; _builder_version=\u00bb4.9.7&#8243; _module_preset=\u00bbdefault\u00bb custom_padding=\u00bb0px||||false|false\u00bb][et_pb_text disabled_on=\u00bbon|on|off\u00bb _builder_version=\u00bb4.9.7&#8243; _module_preset=\u00bbdefault\u00bb width=\u00bb386.3%\u00bb min_height=\u00bb129.4px\u00bb custom_margin=\u00bb-14px|72px||-752px||\u00bb custom_padding=\u00bb|0px||||\u00bb]<\/p>\n<p><strong><\/strong><\/p>\n<h3><span style=\"color: #ffffff;\"><strong><\/strong><\/span><\/h3>\n<h3><span style=\"color: #ffffff;\"><strong>Preguntas frecuentes:<\/strong><strong><\/strong><\/span><\/h3>\n<p><span style=\"color: #ffffff;\"><strong><\/strong><\/span><\/p>\n<h5><span style=\"color: #ffffff;\"><strong>\u00bfQu\u00e9 es una Cuenta P\u00fablica Participativa?<\/strong><\/span><\/h5>\n<p><span style=\"color: #ffffff;\">Es una instancia de rendici\u00f3n de cuentas abierta, donde las instituciones informan sobre su gesti\u00f3n anual y recogen opiniones de la comunidad para fortalecer la transparencia y el control ciudadano.<\/span><\/p>\n<h5><span style=\"color: #ffffff;\"><strong>\u00bfPor qu\u00e9 realizamos una Cuenta P\u00fablica Participativa en nuestro Hospital?<\/strong><\/span><\/h5>\n<p><span style=\"color: #ffffff;\">Porque creemos en una gesti\u00f3n p\u00fablica cercana, transparente y colaborativa. A trav\u00e9s de este proceso, fomentamos la participaci\u00f3n activa de la ciudadan\u00eda y construimos juntos un hospital m\u00e1s conectado con su comunidad.<\/span><\/p>\n<p><span style=\"color: #ffffff;\"><\/span><\/p>\n<p><span style=\"color: #ffffff;\"><\/span><\/p>\n<p>[\/et_pb_text][\/et_pb_column][\/et_pb_row][\/et_pb_section][et_pb_section fb_built=\u00bb1&#8243; _builder_version=\u00bb4.9.7&#8243; _module_preset=\u00bbdefault\u00bb][et_pb_row disabled_on=\u00bbon|on|off\u00bb _builder_version=\u00bb4.9.7&#8243; _module_preset=\u00bbdefault\u00bb custom_margin=\u00bb|auto|-79px|auto||\u00bb][et_pb_column type=\u00bb4_4&#8243; _builder_version=\u00bb4.9.7&#8243; _module_preset=\u00bbdefault\u00bb][\/et_pb_column][\/et_pb_row][et_pb_row _builder_version=\u00bb4.9.7&#8243; _module_preset=\u00bbdefault\u00bb custom_padding=\u00bb0px|||||\u00bb][et_pb_column type=\u00bb4_4&#8243; _builder_version=\u00bb4.9.7&#8243; _module_preset=\u00bbdefault\u00bb][et_pb_text disabled_on=\u00bboff|off|on\u00bb _builder_version=\u00bb4.9.7&#8243; _module_preset=\u00bbdefault\u00bb background_color=\u00bb#0034a8&#8243; custom_margin=\u00bb-62px|||||\u00bb border_width_all=\u00bb15px\u00bb border_color_all=\u00bb#0034a8&#8243;]<\/p>\n<h3><span style=\"color: #ffffff;\"><strong>Calendario del Proceso Participativo<\/strong><\/span><\/h3>\n<p><span style=\"color: #ffffff;\"><strong>6 A 22 DE JUNIO DE 2025: <\/strong>Publicaci\u00f3n del Informe Borrador y apertura de la Consulta Ciudadana.<strong><br \/>26 DE JUNIO DE 2025: <\/strong>Ceremonia de presentaci\u00f3n de la Cuenta P\u00fablica 2024.<strong><br \/>26 DE JUNIO DE 2025: <\/strong>Publicaci\u00f3n del informe final de la Cuenta P\u00fablica 2024.\u00a0<\/span><\/p>\n<p>[\/et_pb_text][et_pb_text disabled_on=\u00bboff|off|on\u00bb _builder_version=\u00bb4.9.7&#8243; _module_preset=\u00bbdefault\u00bb background_color=\u00bb#f59f17&#8243; border_width_all=\u00bb12px\u00bb border_color_all=\u00bb#f59f17&#8243;]<\/p>\n<h3><span style=\"color: #ffffff;\"><strong>Preguntas frecuentes:<\/strong><strong><\/strong><\/span><\/h3>\n<p><span style=\"color: #ffffff;\"><strong><\/strong><\/span><\/p>\n<h5><span style=\"color: #ffffff;\"><strong>\u00bfQu\u00e9 es una Cuenta P\u00fablica Participativa?<\/strong><\/span><\/h5>\n<p><span style=\"color: #ffffff;\">Es una instancia de rendici\u00f3n de cuentas abierta, donde las instituciones informan sobre su gesti\u00f3n anual y recogen opiniones de la comunidad para fortalecer la transparencia y el control ciudadano.<\/span><\/p>\n<h5><span style=\"color: #ffffff;\"><strong>\u00bfPor qu\u00e9 realizamos una Cuenta P\u00fablica Participativa en nuestro Hospital?<\/strong><\/span><\/h5>\n<p><span style=\"color: #ffffff;\">Porque creemos en una gesti\u00f3n p\u00fablica cercana, transparente y colaborativa. A trav\u00e9s de este proceso, fomentamos la participaci\u00f3n activa de la ciudadan\u00eda y construimos juntos un hospital m\u00e1s conectado con su comunidad.<\/span><\/p>\n<p>[\/et_pb_text][et_pb_text _builder_version=\u00bb4.9.7&#8243; _module_preset=\u00bbdefault\u00bb]<\/p>\n<h3><span><\/span><\/h3>\n<p>[\/et_pb_text][\/et_pb_column][\/et_pb_row][et_pb_row _builder_version=\u00bb4.9.7&#8243; _module_preset=\u00bbdefault\u00bb custom_margin=\u00bb-49px|auto||auto||\u00bb][et_pb_column type=\u00bb4_4&#8243; _builder_version=\u00bb4.9.7&#8243; _module_preset=\u00bbdefault\u00bb][et_pb_text _builder_version=\u00bb4.9.7&#8243; _module_preset=\u00bbdefault\u00bb hover_enabled=\u00bb0&#8243; sticky_enabled=\u00bb0&#8243;]<\/p>\n<h4><span style=\"color: #000080;\"><strong>Presentaci\u00f3n Cuenta P\u00fablica 2024<\/strong><\/span><\/h4>\n<p><a href=\"http:\/\/www.hrrio.cl\/web2\/wp-content\/uploads\/2025\/06\/CUENTA-PUBLICA-GESTION-2024-12-1.pdf\" target=\"_blank\" rel=\"noopener\"><span style=\"color: #000080;\">(Descargar aqu\u00ed)<\/span><\/a><\/p>\n<p>[\/et_pb_text][et_pb_image src=\u00bbhttp:\/\/www.hrrio.cl\/web2\/wp-content\/uploads\/2025\/06\/CUENTA-PUBLICA-GESTION-2024-7-1_pages-to-jpg-0001-1.jpg\u00bb title_text=\u00bbCUENTA P\u00daBLICA GESTI\u00d3N 2024 (7) (1)_pages-to-jpg-0001&#8243; disabled_on=\u00bboff|off|on\u00bb _builder_version=\u00bb4.9.7&#8243; _module_preset=\u00bbdefault\u00bb custom_margin=\u00bb-20px|2px||||\u00bb hover_enabled=\u00bb0&#8243; border_width_all=\u00bb1px\u00bb border_color_all=\u00bb#d6d6d6&#8243; url=\u00bbhttp:\/\/www.hrrio.cl\/web2\/wp-content\/uploads\/2025\/06\/CUENTA-PUBLICA-GESTION-2024-12-1.pdf\u00bb url_new_window=\u00bbon\u00bb sticky_enabled=\u00bb0&#8243;][\/et_pb_image][et_pb_image src=\u00bbhttp:\/\/www.hrrio.cl\/web2\/wp-content\/uploads\/2025\/06\/CUENTA-PUBLICA-GESTION-2024-7-1_pages-to-jpg-0001-1.jpg\u00bb title_text=\u00bbCUENTA P\u00daBLICA GESTI\u00d3N 2024 (7) (1)_pages-to-jpg-0001&#8243; disabled_on=\u00bbon|on|off\u00bb _builder_version=\u00bb4.9.7&#8243; _module_preset=\u00bbdefault\u00bb custom_margin=\u00bb-20px|619px||||\u00bb hover_enabled=\u00bb0&#8243; border_width_all=\u00bb1px\u00bb border_color_all=\u00bb#d6d6d6&#8243; url=\u00bbhttp:\/\/www.hrrio.cl\/web2\/wp-content\/uploads\/2025\/06\/CUENTA-PUBLICA-GESTION-2024-12-1.pdf\u00bb url_new_window=\u00bbon\u00bb sticky_enabled=\u00bb0&#8243;][\/et_pb_image][\/et_pb_column][\/et_pb_row][et_pb_row _builder_version=\u00bb4.9.7&#8243; _module_preset=\u00bbdefault\u00bb custom_padding=\u00bb10px|||||\u00bb][et_pb_column type=\u00bb4_4&#8243; _builder_version=\u00bb4.9.7&#8243; _module_preset=\u00bbdefault\u00bb][et_pb_text _builder_version=\u00bb4.9.7&#8243; _module_preset=\u00bbdefault\u00bb]<\/p>\n<h4><span style=\"color: #000080;\"><strong>Informe Cuenta P\u00fablica 2024<\/strong><\/span><\/h4>\n<p><a href=\"https:\/\/www.hrrio.cl\/web2\/wp-content\/uploads\/2025\/06\/Informe-FINAL-Cuenta-Publica-2024.pdf\" target=\"_blank\" rel=\"noopener\"><span style=\"color: #000080;\">(Descargar aqu\u00ed)<\/span><\/a><\/p>\n<p>[\/et_pb_text][et_pb_image src=\u00bbhttp:\/\/www.hrrio.cl\/web2\/wp-content\/uploads\/2025\/06\/WhatsApp-Image-2025-06-24-at-12.35.34.jpeg\u00bb title_text=\u00bbWhatsApp Image 2025-06-24 at 12.35.34&#8243; url=\u00bbhttps:\/\/www.hrrio.cl\/web2\/wp-content\/uploads\/2025\/06\/Informe-FINAL-Cuenta-Publica-2024.pdf\u00bb url_new_window=\u00bbon\u00bb disabled_on=\u00bboff|off|on\u00bb _builder_version=\u00bb4.9.7&#8243; _module_preset=\u00bbdefault\u00bb custom_margin=\u00bb-20px|||||\u00bb custom_padding=\u00bb|0px||||\u00bb border_width_all=\u00bb1px\u00bb border_color_all=\u00bb#d6d6d6&#8243;][\/et_pb_image][et_pb_image src=\u00bbhttp:\/\/www.hrrio.cl\/web2\/wp-content\/uploads\/2025\/06\/WhatsApp-Image-2025-06-24-at-12.35.34.jpeg\u00bb title_text=\u00bbWhatsApp Image 2025-06-24 at 12.35.34&#8243; url=\u00bbhttps:\/\/www.hrrio.cl\/web2\/wp-content\/uploads\/2025\/06\/Informe-FINAL-Cuenta-Publica-2024.pdf\u00bb url_new_window=\u00bbon\u00bb disabled_on=\u00bbon|on|off\u00bb _builder_version=\u00bb4.9.7&#8243; _module_preset=\u00bbdefault\u00bb custom_margin=\u00bb-20px|||||\u00bb custom_padding=\u00bb|807px||||\u00bb border_width_all=\u00bb1px\u00bb border_color_all=\u00bb#d6d6d6&#8243;][\/et_pb_image][\/et_pb_column][\/et_pb_row][et_pb_row _builder_version=\u00bb3.25&#8243; custom_padding=\u00bb41px|||||\u00bb locked=\u00bboff\u00bb][et_pb_column type=\u00bb4_4&#8243; _builder_version=\u00bb3.25&#8243; custom_padding=\u00bb|||\u00bb custom_padding__hover=\u00bb|||\u00bb][et_pb_text _builder_version=\u00bb3.27.4&#8243; text_font=\u00bb||||||||\u00bb header_font=\u00bb||||||||\u00bb header_2_font=\u00bb|700|||||||\u00bb header_2_text_color=\u00bb#0c71c3&#8243; header_2_font_size=\u00bb36px\u00bb header_2_line_height=\u00bb1.3em\u00bb text_orientation=\u00bbcenter\u00bb custom_margin=\u00bb||20px|\u00bb animation_style=\u00bbslide\u00bb animation_direction=\u00bbbottom\u00bb animation_intensity_slide=\u00bb10%\u00bb locked=\u00bboff\u00bb header_font_size__hover=\u00bb30px\u00bb header_font_size__hover_enabled=\u00bb30px\u00bb header_letter_spacing__hover=\u00bb0px\u00bb header_letter_spacing__hover_enabled=\u00bb0px\u00bb header_text_shadow_style__hover=\u00bbnone\u00bb header_text_shadow_style__hover_enabled=\u00bbnone\u00bb header_text_shadow_color__hover=\u00bbrgba(0,0,0,0.4)\u00bb header_text_shadow_color__hover_enabled=\u00bbrgba(0,0,0,0.4)\u00bb]<\/p>\n<h2>Cuentas p\u00fablicas anteriores<\/h2>\n<p>[\/et_pb_text][et_pb_divider color=\u00bb#e09900&#8243; divider_weight=\u00bb4px\u00bb disabled_on=\u00bbon|on|off\u00bb _builder_version=\u00bb3.22.6&#8243; background_size=\u00bbinitial\u00bb background_position=\u00bbtop_left\u00bb background_repeat=\u00bbrepeat\u00bb max_width=\u00bb40px\u00bb module_alignment=\u00bbcenter\u00bb custom_margin=\u00bb||10px|\u00bb animation_style=\u00bbzoom\u00bb animation_direction=\u00bbleft\u00bb saved_tabs=\u00bball\u00bb locked=\u00bboff\u00bb][\/et_pb_divider][\/et_pb_column][\/et_pb_row][et_pb_row column_structure=\u00bb1_3,1_3,1_3&#8243; _builder_version=\u00bb3.25&#8243; locked=\u00bboff\u00bb][et_pb_column type=\u00bb1_3&#8243; _builder_version=\u00bb3.25&#8243; custom_padding=\u00bb|||\u00bb custom_padding__hover=\u00bb|||\u00bb][et_pb_image src=\u00bbhttp:\/\/www.hrrio.cl\/web2\/wp-content\/uploads\/2024\/05\/Cuenta-Publica-Gestion-2023-FINAL.png\u00bb title_text=\u00bbCuenta P\u00fablica Gesti\u00f3n 2023 FINAL\u00bb url=\u00bbhttps:\/\/www.hrrio.cl\/documentos\/cuenta_publica\/2023.pdf\u00bb _builder_version=\u00bb4.9.7&#8243; _module_preset=\u00bbdefault\u00bb][\/et_pb_image][\/et_pb_column][et_pb_column type=\u00bb1_3&#8243; _builder_version=\u00bb3.25&#8243; custom_padding=\u00bb|||\u00bb custom_padding__hover=\u00bb|||\u00bb][et_pb_image src=\u00bbhttp:\/\/www.hrrio.cl\/web2\/wp-content\/uploads\/2023\/05\/Cuenta-Publica-Gestion-2022-1.png\u00bb title_text=\u00bbCuenta P\u00fablica Gesti\u00f3n 2022-1&#8243; url=\u00bbhttps:\/\/www.hrrio.cl\/documentos\/cuenta_publica\/2022.pdf\u00bb _builder_version=\u00bb4.9.7&#8243; _module_preset=\u00bbdefault\u00bb][\/et_pb_image][\/et_pb_column][et_pb_column type=\u00bb1_3&#8243; _builder_version=\u00bb3.25&#8243; custom_padding=\u00bb|||\u00bb custom_padding__hover=\u00bb|||\u00bb][et_pb_image src=\u00bbhttp:\/\/www.hrrio.cl\/web2\/wp-content\/uploads\/2022\/04\/in-banner_ctapublica2021.png\u00bb title_text=\u00bbin-banner_ctapublica2021&#8243; url=\u00bbhttps:\/\/www.hrrio.cl\/documentos\/cuenta_publica\/2021.mp4&#8243; _builder_version=\u00bb4.9.7&#8243; _module_preset=\u00bbdefault\u00bb][\/et_pb_image][\/et_pb_column][\/et_pb_row][et_pb_row column_structure=\u00bb1_3,1_3,1_3&#8243; _builder_version=\u00bb3.25&#8243; locked=\u00bboff\u00bb][et_pb_column type=\u00bb1_3&#8243; _builder_version=\u00bb3.25&#8243; custom_padding=\u00bb|||\u00bb custom_padding__hover=\u00bb|||\u00bb][et_pb_image src=\u00bbhttp:\/\/www.hrrio.cl\/web2\/wp-content\/uploads\/2022\/04\/banner_ctapublica2021.png\u00bb title_text=\u00bbbanner_ctapublica2021&#8243; url=\u00bbhttps:\/\/www.hrrio.cl\/documentos\/cuenta_publica\/2021.pdf\u00bb _builder_version=\u00bb4.9.7&#8243; _module_preset=\u00bbdefault\u00bb][\/et_pb_image][\/et_pb_column][et_pb_column type=\u00bb1_3&#8243; _builder_version=\u00bb3.25&#8243; custom_padding=\u00bb|||\u00bb custom_padding__hover=\u00bb|||\u00bb][et_pb_image src=\u00bbhttp:\/\/www.hrrio.cl\/web2\/wp-content\/uploads\/2021\/04\/Cuenta-Publica-2020.png\u00bb title_text=\u00bbCUENTA P\u00daBLICA GESTI\u00d3N 2019&#8243; url=\u00bbhttps:\/\/www.hrrio.cl\/documentos\/cuenta_publica\/2020.pdf\u00bb url_new_window=\u00bbon\u00bb align_tablet=\u00bbcenter\u00bb align_phone=\u00bb\u00bb align_last_edited=\u00bbon|desktop\u00bb _builder_version=\u00bb4.7.7&#8243;][\/et_pb_image][\/et_pb_column][et_pb_column type=\u00bb1_3&#8243; _builder_version=\u00bb3.25&#8243; custom_padding=\u00bb|||\u00bb custom_padding__hover=\u00bb|||\u00bb][et_pb_image src=\u00bbhttp:\/\/www.hrrio.cl\/web2\/wp-content\/uploads\/2020\/07\/CUENTA-P\u00daBLICA-GESTI\u00d3N-2019.png\u00bb title_text=\u00bbCUENTA P\u00daBLICA GESTI\u00d3N 2019&#8243; url=\u00bbhttps:\/\/www.hrrio.cl\/documentos\/cuenta_publica\/2019.pdf\u00bb url_new_window=\u00bbon\u00bb align_tablet=\u00bbcenter\u00bb align_phone=\u00bb\u00bb align_last_edited=\u00bbon|desktop\u00bb _builder_version=\u00bb4.4.9&#8243;][\/et_pb_image][\/et_pb_column][\/et_pb_row][et_pb_row column_structure=\u00bb1_3,1_3,1_3&#8243; _builder_version=\u00bb3.25&#8243; locked=\u00bboff\u00bb][et_pb_column type=\u00bb1_3&#8243; _builder_version=\u00bb3.25&#8243; custom_padding=\u00bb|||\u00bb custom_padding__hover=\u00bb|||\u00bb][et_pb_image src=\u00bbhttp:\/\/www.hrrio.cl\/web2\/wp-content\/uploads\/2019\/05\/cuentapublica2018.png\u00bb url=\u00bbhttp:\/\/www.hrrio.cl\/documentos\/cuenta_publica\/2018.pdf\u00bb url_new_window=\u00bbon\u00bb align_tablet=\u00bbcenter\u00bb align_phone=\u00bb\u00bb align_last_edited=\u00bbon|desktop\u00bb _builder_version=\u00bb3.23&#8243;][\/et_pb_image][\/et_pb_column][et_pb_column type=\u00bb1_3&#8243; _builder_version=\u00bb3.25&#8243; custom_padding=\u00bb|||\u00bb custom_padding__hover=\u00bb|||\u00bb][et_pb_image src=\u00bbhttp:\/\/www.hrrio.cl\/web2\/wp-content\/uploads\/2018\/09\/cuenta-publica-2017.png\u00bb url=\u00bbhttp:\/\/www.hrrio.cl\/documentos\/cuenta_publica\/2017.pdf\u00bb url_new_window=\u00bbon\u00bb align_tablet=\u00bbcenter\u00bb align_phone=\u00bb\u00bb align_last_edited=\u00bbon|desktop\u00bb _builder_version=\u00bb3.23&#8243;][\/et_pb_image][\/et_pb_column][et_pb_column type=\u00bb1_3&#8243; _builder_version=\u00bb3.25&#8243; custom_padding=\u00bb|||\u00bb custom_padding__hover=\u00bb|||\u00bb][et_pb_image src=\u00bbhttp:\/\/www.hrrio.cl\/web2\/wp-content\/uploads\/2017\/03\/portada-cuenta-publica-gestion-2016.png\u00bb url=\u00bbhttp:\/\/www.hrrio.cl\/documentos\/cuenta_publica\/2016.pdf\u00bb url_new_window=\u00bbon\u00bb align_tablet=\u00bbcenter\u00bb align_phone=\u00bb\u00bb align_last_edited=\u00bbon|desktop\u00bb _builder_version=\u00bb3.23&#8243;][\/et_pb_image][\/et_pb_column][\/et_pb_row][et_pb_row column_structure=\u00bb1_3,1_3,1_3&#8243; _builder_version=\u00bb3.25&#8243; locked=\u00bboff\u00bb][et_pb_column type=\u00bb1_3&#8243; _builder_version=\u00bb3.25&#8243; custom_padding=\u00bb|||\u00bb custom_padding__hover=\u00bb|||\u00bb][et_pb_image src=\u00bbhttp:\/\/www.hrrio.cl\/web2\/wp-content\/uploads\/2016\/04\/cpp-2015.png\u00bb url=\u00bbhttp:\/\/www.hrrio.cl\/documentos\/cuenta_publica\/2015.pdf\u00bb url_new_window=\u00bbon\u00bb align_tablet=\u00bbcenter\u00bb align_phone=\u00bb\u00bb align_last_edited=\u00bbon|desktop\u00bb _builder_version=\u00bb3.23&#8243;][\/et_pb_image][\/et_pb_column][et_pb_column type=\u00bb1_3&#8243; _builder_version=\u00bb3.25&#8243; custom_padding=\u00bb|||\u00bb custom_padding__hover=\u00bb|||\u00bb][et_pb_image src=\u00bbhttp:\/\/www.hrrio.cl\/web2\/wp-content\/uploads\/2019\/05\/cuenta_publica_2014.png\u00bb url=\u00bbhttp:\/\/www.hrrio.cl\/documentos\/cuenta_publica\/2014.pdf\u00bb url_new_window=\u00bbon\u00bb align_tablet=\u00bbcenter\u00bb align_phone=\u00bb\u00bb align_last_edited=\u00bbon|desktop\u00bb _builder_version=\u00bb3.23&#8243;][\/et_pb_image][\/et_pb_column][et_pb_column type=\u00bb1_3&#8243; _builder_version=\u00bb3.25&#8243; custom_padding=\u00bb|||\u00bb custom_padding__hover=\u00bb|||\u00bb][et_pb_image src=\u00bbhttp:\/\/www.hrrio.cl\/web2\/wp-content\/uploads\/2019\/05\/cuenta_publica_2013.png\u00bb url=\u00bbhttp:\/\/www.hrrio.cl\/documentos\/cuenta_publica\/2013.pdf\u00bb url_new_window=\u00bbon\u00bb align_tablet=\u00bbcenter\u00bb align_phone=\u00bb\u00bb align_last_edited=\u00bbon|desktop\u00bb _builder_version=\u00bb3.23&#8243;][\/et_pb_image][\/et_pb_column][\/et_pb_row][et_pb_row column_structure=\u00bb1_3,1_3,1_3&#8243; _builder_version=\u00bb3.25&#8243; locked=\u00bboff\u00bb][et_pb_column type=\u00bb1_3&#8243; _builder_version=\u00bb3.25&#8243; custom_padding=\u00bb|||\u00bb custom_padding__hover=\u00bb|||\u00bb][et_pb_image src=\u00bbhttp:\/\/www.hrrio.cl\/web2\/wp-content\/uploads\/2019\/05\/cuenta_publica_2012.png\u00bb url=\u00bbhttp:\/\/www.hrrio.cl\/documentos\/cuenta_publica\/2012.ppsx\u00bb url_new_window=\u00bbon\u00bb align_tablet=\u00bbcenter\u00bb align_phone=\u00bb\u00bb align_last_edited=\u00bbon|desktop\u00bb _builder_version=\u00bb3.23&#8243;][\/et_pb_image][\/et_pb_column][et_pb_column type=\u00bb1_3&#8243; _builder_version=\u00bb3.25&#8243; custom_padding=\u00bb|||\u00bb custom_padding__hover=\u00bb|||\u00bb][et_pb_image src=\u00bbhttp:\/\/www.hrrio.cl\/web2\/wp-content\/uploads\/2019\/05\/cuenta_publica_2011.png\u00bb url=\u00bbhttp:\/\/www.hrrio.cl\/documentos\/cuenta_publica\/2011.pdf\u00bb url_new_window=\u00bbon\u00bb align_tablet=\u00bbcenter\u00bb align_phone=\u00bb\u00bb align_last_edited=\u00bbon|desktop\u00bb _builder_version=\u00bb3.23&#8243;][\/et_pb_image][\/et_pb_column][et_pb_column type=\u00bb1_3&#8243; _builder_version=\u00bb3.25&#8243; custom_padding=\u00bb|||\u00bb custom_padding__hover=\u00bb|||\u00bb][et_pb_image src=\u00bbhttp:\/\/www.hrrio.cl\/web2\/wp-content\/uploads\/2019\/05\/cuenta_publica_2010.png\u00bb url=\u00bbhttp:\/\/www.hrrio.cl\/documentos\/cuenta_publica\/2010.pps\u00bb url_new_window=\u00bbon\u00bb align_tablet=\u00bbcenter\u00bb align_phone=\u00bb\u00bb align_last_edited=\u00bbon|desktop\u00bb _builder_version=\u00bb3.23&#8243;][\/et_pb_image][\/et_pb_column][\/et_pb_row][\/et_pb_section]<\/p>\n","protected":false},"excerpt":{"rendered":"<p>[et_pb_section fb_built=\u00bb1&#8243; fullwidth=\u00bbon\u00bb custom_padding_last_edited=\u00bbon|desktop\u00bb disabled_on=\u00bbon|on|off\u00bb admin_label=\u00bbsection\u00bb _builder_version=\u00bb4.9.7&#8243; background_color=\u00bb#ffffff\u00bb background_image=\u00bbhttp:\/\/www.hrrio.cl\/web2\/wp-content\/uploads\/2015\/07\/fondo-azul.jpg\u00bb parallax=\u00bbon\u00bb parallax_method=\u00bboff\u00bb custom_padding_tablet=\u00bb50px|0|50px|0&#8243; custom_padding_phone=\u00bb\u00bb transparent_background=\u00bboff\u00bb padding_mobile=\u00bboff\u00bb make_fullwidth=\u00bboff\u00bb use_custom_width=\u00bboff\u00bb width_unit=\u00bbon\u00bb][et_pb_fullwidth_header title=\u00bbCuenta P\u00fablica Participativa\u00bb content_max_width=\u00bbnone\u00bb admin_label=\u00bbFullwidth Header (Nombre de la Unidad)\u00bb _builder_version=\u00bb4.9.7&#8243; title_font=\u00bb|on|||\u00bb title_font_size=\u00bb46&#8243; background_color=\u00bbrgba(255, 255, 255, 0)\u00bb custom_margin=\u00bb||-37px|||\u00bb custom_padding=\u00bb51px|||||\u00bb button_one_letter_spacing_hover=\u00bb0&#8243; button_two_letter_spacing_hover=\u00bb0&#8243; button_one_text_size__hover_enabled=\u00bboff\u00bb button_two_text_size__hover_enabled=\u00bboff\u00bb button_one_text_color__hover_enabled=\u00bboff\u00bb button_two_text_color__hover_enabled=\u00bboff\u00bb button_one_border_width__hover_enabled=\u00bboff\u00bb button_two_border_width__hover_enabled=\u00bboff\u00bb button_one_border_color__hover_enabled=\u00bboff\u00bb button_two_border_color__hover_enabled=\u00bboff\u00bb button_one_border_radius__hover_enabled=\u00bboff\u00bb button_two_border_radius__hover_enabled=\u00bboff\u00bb button_one_letter_spacing__hover_enabled=\u00bbon\u00bb button_one_letter_spacing__hover=\u00bb0&#8243; button_two_letter_spacing__hover_enabled=\u00bbon\u00bb button_two_letter_spacing__hover=\u00bb0&#8243; button_one_bg_color__hover_enabled=\u00bboff\u00bb button_two_bg_color__hover_enabled=\u00bboff\u00bb] [&hellip;]<\/p>\n","protected":false},"author":7,"featured_media":0,"parent":0,"menu_order":0,"comment_status":"closed","ping_status":"closed","template":"","meta":{"_et_pb_use_builder":"on","_et_pb_old_content":"","_et_gb_content_width":""},"_links":{"self":[{"href":"https:\/\/www.hrrio.cl\/web2\/wp-json\/wp\/v2\/pages\/20758"}],"collection":[{"href":"https:\/\/www.hrrio.cl\/web2\/wp-json\/wp\/v2\/pages"}],"about":[{"href":"https:\/\/www.hrrio.cl\/web2\/wp-json\/wp\/v2\/types\/page"}],"author":[{"embeddable":true,"href":"https:\/\/www.hrrio.cl\/web2\/wp-json\/wp\/v2\/users\/7"}],"replies":[{"embeddable":true,"href":"https:\/\/www.hrrio.cl\/web2\/wp-json\/wp\/v2\/comments?post=20758"}],"version-history":[{"count":14,"href":"https:\/\/www.hrrio.cl\/web2\/wp-json\/wp\/v2\/pages\/20758\/revisions"}],"predecessor-version":[{"id":20790,"href":"https:\/\/www.hrrio.cl\/web2\/wp-json\/wp\/v2\/pages\/20758\/revisions\/20790"}],"wp:attachment":[{"href":"https:\/\/www.hrrio.cl\/web2\/wp-json\/wp\/v2\/media?parent=20758"}],"curies":[{"name":"wp","href":"https:\/\/api.w.org\/{rel}","templated":true}]}}