{"id":5850,"date":"2015-12-01T12:38:44","date_gmt":"2015-12-01T15:38:44","guid":{"rendered":"http:\/\/www.hrrio.cl\/web2\/?page_id=5850"},"modified":"2025-11-21T10:55:14","modified_gmt":"2025-11-21T13:55:14","slug":"unidad-de-coordinacion-ges","status":"publish","type":"page","link":"http:\/\/www.hrrio.cl\/web2\/unidad-de-coordinacion-ges\/","title":{"rendered":"Unidad de Coordinaci\u00f3n GES"},"content":{"rendered":"<p>[et_pb_section fb_built=\u00bb1&#8243; fullwidth=\u00bbon\u00bb custom_padding_last_edited=\u00bbon|desktop\u00bb admin_label=\u00bbsection\u00bb _builder_version=\u00bb3.22&#8243; background_color=\u00bb#ffffff\u00bb background_image=\u00bbhttp:\/\/www.hrrio.cl\/web2\/wp-content\/uploads\/2015\/07\/fondo-azul.jpg\u00bb parallax=\u00bbon\u00bb parallax_method=\u00bboff\u00bb custom_padding_tablet=\u00bb50px|0|50px|0&#8243; custom_padding_phone=\u00bb\u00bb transparent_background=\u00bboff\u00bb padding_mobile=\u00bboff\u00bb make_fullwidth=\u00bboff\u00bb use_custom_width=\u00bboff\u00bb width_unit=\u00bbon\u00bb][et_pb_fullwidth_header title=\u00bbUnidad de Coordinaci\u00f3n GES\u00bb content_max_width=\u00bbnone\u00bb admin_label=\u00bbFullwidth Header (Nombre de la Unidad)\u00bb _builder_version=\u00bb3.16&#8243; background_color=\u00bbrgba(255, 255, 255, 0)\u00bb button_one_border_radius_hover=\u00bb3&#8243; button_two_border_radius_hover=\u00bb3&#8243; button_one_letter_spacing_hover=\u00bb0&#8243; button_two_letter_spacing_hover=\u00bb0&#8243; button_one_text_size__hover_enabled=\u00bboff\u00bb button_two_text_size__hover_enabled=\u00bboff\u00bb button_one_text_color__hover_enabled=\u00bboff\u00bb button_two_text_color__hover_enabled=\u00bboff\u00bb button_one_border_width__hover_enabled=\u00bboff\u00bb button_two_border_width__hover_enabled=\u00bboff\u00bb button_one_border_color__hover_enabled=\u00bboff\u00bb button_two_border_color__hover_enabled=\u00bboff\u00bb button_one_border_radius__hover_enabled=\u00bbon\u00bb button_one_border_radius__hover=\u00bb3&#8243; button_two_border_radius__hover_enabled=\u00bbon\u00bb button_two_border_radius__hover=\u00bb3&#8243; button_one_letter_spacing__hover_enabled=\u00bbon\u00bb button_one_letter_spacing__hover=\u00bb0&#8243; button_two_letter_spacing__hover_enabled=\u00bbon\u00bb button_two_letter_spacing__hover=\u00bb0&#8243; button_one_bg_color__hover_enabled=\u00bboff\u00bb button_two_bg_color__hover_enabled=\u00bboff\u00bb] [\/et_pb_fullwidth_header][\/et_pb_section][et_pb_section fb_built=\u00bb1&#8243; admin_label=\u00bbsection\u00bb _builder_version=\u00bb3.22&#8243;][et_pb_row column_structure=\u00bb2_3,1_3&#8243; admin_label=\u00bbrow\u00bb _builder_version=\u00bb3.25&#8243; background_size=\u00bbinitial\u00bb background_position=\u00bbtop_left\u00bb background_repeat=\u00bbrepeat\u00bb][et_pb_column type=\u00bb2_3&#8243; _builder_version=\u00bb3.25&#8243; custom_padding=\u00bb|||\u00bb custom_padding__hover=\u00bb|||\u00bb][et_pb_text admin_label=\u00bbSubtitulo (Objetivos)\u00bb _builder_version=\u00bb3.27.4&#8243; background_image=\u00bbhttp:\/\/www.hrrio.cl\/web2\/wp-content\/uploads\/2015\/07\/fondo-naranjo.jpg\u00bb background_size=\u00bbinitial\u00bb background_position=\u00bbtop_left\u00bb background_repeat=\u00bbrepeat\u00bb background_layout=\u00bbdark\u00bb custom_padding=\u00bb20|20|20|20&#8243; use_border_color=\u00bboff\u00bb border_color=\u00bb#ffffff\u00bb border_style=\u00bbsolid\u00bb saved_tabs=\u00bball\u00bb]<\/p>\n<h2>OBJETIVOS<\/h2>\n<p>[\/et_pb_text][et_pb_text admin_label=\u00bbTexto\u00bb _builder_version=\u00bb3.27.4&#8243; background_size=\u00bbinitial\u00bb background_position=\u00bbtop_left\u00bb background_repeat=\u00bbrepeat\u00bb custom_margin=\u00bb|||20&#8243; use_border_color=\u00bboff\u00bb border_color=\u00bb#ffffff\u00bb border_style=\u00bbsolid\u00bb]<strong>General<\/strong><\/p>\n<blockquote><p>Velar por el cumplimento de las garant\u00eda explicitas en salud de los pacientes GES atendidos por nuestro Hospital.<\/p><\/blockquote>\n<p>[\/et_pb_text][et_pb_text admin_label=\u00bbSubtitulo (Funciones)\u00bb _builder_version=\u00bb3.27.4&#8243; background_image=\u00bbhttp:\/\/www.hrrio.cl\/web2\/wp-content\/uploads\/2015\/07\/fondo-naranjo.jpg\u00bb background_size=\u00bbinitial\u00bb background_position=\u00bbtop_left\u00bb background_repeat=\u00bbrepeat\u00bb background_layout=\u00bbdark\u00bb custom_padding=\u00bb20|20|20|20&#8243; use_border_color=\u00bboff\u00bb border_color=\u00bb#ffffff\u00bb border_style=\u00bbsolid\u00bb saved_tabs=\u00bball\u00bb]<\/p>\n<h2>FUNCIONES<\/h2>\n<p>[\/et_pb_text][et_pb_text admin_label=\u00bbTexto\u00bb _builder_version=\u00bb3.27.4&#8243; background_size=\u00bbinitial\u00bb background_position=\u00bbtop_left\u00bb background_repeat=\u00bbrepeat\u00bb custom_margin=\u00bb|||20&#8243; use_border_color=\u00bboff\u00bb border_color=\u00bb#ffffff\u00bb border_style=\u00bbsolid\u00bb]<\/p>\n<ul>\n<li>Monitoreo frecuente del cumplimiento las garant\u00edas expl\u00edcitas en salud.<\/li>\n<li>Colaborar con los M\u00e9dicos Encargados de cada programa en la gesti\u00f3n adecuadamente de los casos y cumplimiento de sus garant\u00edas.<\/li>\n<li>Colaborar en el fortalecimiento del trabajo en Red, y la derivaci\u00f3n oportuna de los pacientes.<\/li>\n<\/ul>\n<p>[\/et_pb_text][et_pb_text admin_label=\u00bbSubtitulo (Funciones)\u00bb _builder_version=\u00bb4.6.6&#8243; background_image=\u00bbhttp:\/\/www.hrrio.cl\/web2\/wp-content\/uploads\/2015\/07\/fondo-naranjo.jpg\u00bb background_size=\u00bbinitial\u00bb background_position=\u00bbtop_left\u00bb background_repeat=\u00bbrepeat\u00bb background_layout=\u00bbdark\u00bb custom_padding=\u00bb20|20|20|20&#8243; use_border_color=\u00bboff\u00bb border_color=\u00bb#ffffff\u00bb border_style=\u00bbsolid\u00bb saved_tabs=\u00bball\u00bb]<\/p>\n<h2>INFORMACI\u00d3N DE CONTACTO<\/h2>\n<p>[\/et_pb_text][et_pb_text admin_label=\u00bbTexto\u00bb _builder_version=\u00bb4.6.6&#8243; background_size=\u00bbinitial\u00bb background_position=\u00bbtop_left\u00bb background_repeat=\u00bbrepeat\u00bb custom_margin=\u00bb|||20&#8243; use_border_color=\u00bboff\u00bb border_color=\u00bb#ffffff\u00bb border_style=\u00bbsolid\u00bb]<\/p>\n<blockquote>\n<p>Consultas por horas de pacientes con patolog\u00edas con Garatias Expl\u00edcitas en Salud (GES)<\/p>\n<ul>\n<li><a href=\"mailto:graciela.munoz@redsalud.gov.cl\">graciela.munoz@redsalud.gov.cl<\/a>\n<p>(22) 5757997<\/p>\n<\/li>\n<li><a href=\"mailto:paola.oyarzun@redsalud.gov.cl\">paola.oyarzun@redsalud.gov.cl<\/a>\n<p>(22) 5758007<\/p>\n<\/li>\n<\/ul>\n<\/blockquote>\n<p>[\/et_pb_text][\/et_pb_column][et_pb_column type=\u00bb1_3&#8243; _builder_version=\u00bb3.25&#8243; custom_padding=\u00bb|||\u00bb custom_padding__hover=\u00bb|||\u00bb][et_pb_team_member name=\u00bbPaola Arancibia Delgado\u00bb position=\u00bbJefe Unidad de Coordinaci\u00f3n GES\u00bb admin_label=\u00bbJefe de Unidad\u00bb _builder_version=\u00bb4.9.7&#8243; background_image=\u00bbhttp:\/\/www.hrrio.cl\/web2\/wp-content\/uploads\/2015\/07\/fondo-azul.jpg\u00bb background_size=\u00bbinitial\u00bb background_position=\u00bbtop_left\u00bb background_repeat=\u00bbrepeat\u00bb background_layout=\u00bbdark\u00bb custom_padding=\u00bb20|20|20|20&#8243; use_border_color=\u00bboff\u00bb border_color=\u00bb#ffffff\u00bb border_style=\u00bbsolid\u00bb][\/et_pb_team_member][\/et_pb_column][\/et_pb_row][\/et_pb_section][et_pb_section fb_built=\u00bb1&#8243; custom_padding_last_edited=\u00bbon|desktop\u00bb admin_label=\u00bbsection\u00bb _builder_version=\u00bb3.22&#8243; background_image=\u00bbhttp:\/\/www.hrrio.cl\/web2\/wp-content\/uploads\/2015\/07\/cuadrado-celeste.jpg\u00bb custom_padding_tablet=\u00bb50px|0|50px|0&#8243; custom_padding_phone=\u00bb\u00bb transparent_background=\u00bboff\u00bb padding_mobile=\u00bboff\u00bb make_fullwidth=\u00bboff\u00bb use_custom_width=\u00bboff\u00bb width_unit=\u00bbon\u00bb][et_pb_row column_structure=\u00bb1_3,1_3,1_3&#8243; admin_label=\u00bbrow\u00bb _builder_version=\u00bb3.25&#8243; background_size=\u00bbinitial\u00bb background_position=\u00bbtop_left\u00bb background_repeat=\u00bbrepeat\u00bb][et_pb_column type=\u00bb1_3&#8243; _builder_version=\u00bb3.25&#8243; custom_padding=\u00bb|||\u00bb custom_padding__hover=\u00bb|||\u00bb][et_pb_blurb title=\u00bbHorarios de atenci\u00f3n\u00bb use_icon=\u00bbon\u00bb font_icon=\u00bb%%92%%\u00bb icon_color=\u00bb#ffffff\u00bb use_circle=\u00bbon\u00bb circle_color=\u00bb#d78c33&#8243; icon_placement=\u00bbleft\u00bb use_icon_font_size=\u00bbon\u00bb icon_font_size=\u00bb30&#8243; admin_label=\u00bbAnuncio (Horarios)\u00bb _builder_version=\u00bb3.0.87&#8243; background_size=\u00bbinitial\u00bb background_position=\u00bbtop_left\u00bb background_repeat=\u00bbrepeat\u00bb text_orientation=\u00bbjustified\u00bb background_layout=\u00bbdark\u00bb animation=\u00bboff\u00bb use_border_color=\u00bboff\u00bb border_color=\u00bb#ffffff\u00bb border_style=\u00bbsolid\u00bb]<\/p>\n<p>&nbsp;<\/p>\n<p><strong>Lunes a Jueves: <\/strong>08:00 a 17:00 horas.<\/p>\n<p><strong>Viernes: <\/strong>08:00 a 16:00 horas.<\/p>\n<p>[\/et_pb_blurb][\/et_pb_column][et_pb_column type=\u00bb1_3&#8243; _builder_version=\u00bb3.25&#8243; custom_padding=\u00bb|||\u00bb custom_padding__hover=\u00bb|||\u00bb][et_pb_blurb title=\u00bbContacto\u00bb use_icon=\u00bbon\u00bb font_icon=\u00bb%%109%%\u00bb icon_color=\u00bb#ffffff\u00bb use_circle=\u00bbon\u00bb circle_color=\u00bb#d78c33&#8243; icon_placement=\u00bbleft\u00bb use_icon_font_size=\u00bbon\u00bb icon_font_size=\u00bb30&#8243; admin_label=\u00bbAnuncio (Contacto)\u00bb _builder_version=\u00bb4.3.3&#8243; background_size=\u00bbinitial\u00bb background_position=\u00bbtop_left\u00bb background_repeat=\u00bbrepeat\u00bb text_orientation=\u00bbjustified\u00bb background_layout=\u00bbdark\u00bb animation=\u00bboff\u00bb use_border_color=\u00bboff\u00bb border_color=\u00bb#ffffff\u00bb border_style=\u00bbsolid\u00bb]<\/p>\n<p><strong>Paola Arancibia<\/strong><br \/><a href=\"mailto:paola.arancibia@redsalud.gob.cl\">paola.arancibia@redsalud.gob.cl<\/a><\/p>\n<p><strong>Fono: (22) 5758083<\/strong><\/p>\n<p>&nbsp;<\/p>\n<p>[\/et_pb_blurb][\/et_pb_column][et_pb_column type=\u00bb1_3&#8243; _builder_version=\u00bb3.25&#8243; custom_padding=\u00bb|||\u00bb custom_padding__hover=\u00bb|||\u00bb][et_pb_blurb title=\u00bbUbicaci\u00f3n\u00bb use_icon=\u00bbon\u00bb font_icon=\u00bb%%122%%\u00bb icon_color=\u00bb#ffffff\u00bb use_circle=\u00bbon\u00bb circle_color=\u00bb#d78c33&#8243; icon_placement=\u00bbleft\u00bb use_icon_font_size=\u00bbon\u00bb icon_font_size=\u00bb30&#8243; admin_label=\u00bbAnuncio (Ubicaci\u00f3n)\u00bb _builder_version=\u00bb3.0.87&#8243; background_size=\u00bbinitial\u00bb background_position=\u00bbtop_left\u00bb background_repeat=\u00bbrepeat\u00bb text_orientation=\u00bbjustified\u00bb background_layout=\u00bbdark\u00bb animation=\u00bboff\u00bb use_border_color=\u00bboff\u00bb border_color=\u00bb#ffffff\u00bb border_style=\u00bbsolid\u00bb]&nbsp;<\/p>\n<p>Primer piso<br \/>\nSector CAE, acceso Some<\/p>\n<p>&nbsp;<br \/>\n[\/et_pb_blurb][\/et_pb_column][\/et_pb_row][\/et_pb_section]<\/p>\n","protected":false},"excerpt":{"rendered":"<p>[et_pb_section fb_built=\u00bb1&#8243; fullwidth=\u00bbon\u00bb custom_padding_last_edited=\u00bbon|desktop\u00bb admin_label=\u00bbsection\u00bb _builder_version=\u00bb3.22&#8243; background_color=\u00bb#ffffff\u00bb background_image=\u00bbhttp:\/\/www.hrrio.cl\/web2\/wp-content\/uploads\/2015\/07\/fondo-azul.jpg\u00bb parallax=\u00bbon\u00bb parallax_method=\u00bboff\u00bb custom_padding_tablet=\u00bb50px|0|50px|0&#8243; custom_padding_phone=\u00bb\u00bb transparent_background=\u00bboff\u00bb padding_mobile=\u00bboff\u00bb make_fullwidth=\u00bboff\u00bb use_custom_width=\u00bboff\u00bb width_unit=\u00bbon\u00bb][et_pb_fullwidth_header title=\u00bbUnidad de Coordinaci\u00f3n GES\u00bb content_max_width=\u00bbnone\u00bb admin_label=\u00bbFullwidth Header (Nombre de la Unidad)\u00bb _builder_version=\u00bb3.16&#8243; background_color=\u00bbrgba(255, 255, 255, 0)\u00bb button_one_border_radius_hover=\u00bb3&#8243; button_two_border_radius_hover=\u00bb3&#8243; button_one_letter_spacing_hover=\u00bb0&#8243; button_two_letter_spacing_hover=\u00bb0&#8243; button_one_text_size__hover_enabled=\u00bboff\u00bb button_two_text_size__hover_enabled=\u00bboff\u00bb button_one_text_color__hover_enabled=\u00bboff\u00bb button_two_text_color__hover_enabled=\u00bboff\u00bb button_one_border_width__hover_enabled=\u00bboff\u00bb button_two_border_width__hover_enabled=\u00bboff\u00bb button_one_border_color__hover_enabled=\u00bboff\u00bb button_two_border_color__hover_enabled=\u00bboff\u00bb button_one_border_radius__hover_enabled=\u00bbon\u00bb button_one_border_radius__hover=\u00bb3&#8243; button_two_border_radius__hover_enabled=\u00bbon\u00bb button_two_border_radius__hover=\u00bb3&#8243; button_one_letter_spacing__hover_enabled=\u00bbon\u00bb button_one_letter_spacing__hover=\u00bb0&#8243; button_two_letter_spacing__hover_enabled=\u00bbon\u00bb button_two_letter_spacing__hover=\u00bb0&#8243; button_one_bg_color__hover_enabled=\u00bboff\u00bb button_two_bg_color__hover_enabled=\u00bboff\u00bb] [&hellip;]<\/p>\n","protected":false},"author":6,"featured_media":0,"parent":0,"menu_order":0,"comment_status":"closed","ping_status":"closed","template":"","meta":{"_et_pb_use_builder":"on","_et_pb_old_content":"","_et_gb_content_width":""},"_links":{"self":[{"href":"http:\/\/www.hrrio.cl\/web2\/wp-json\/wp\/v2\/pages\/5850"}],"collection":[{"href":"http:\/\/www.hrrio.cl\/web2\/wp-json\/wp\/v2\/pages"}],"about":[{"href":"http:\/\/www.hrrio.cl\/web2\/wp-json\/wp\/v2\/types\/page"}],"author":[{"embeddable":true,"href":"http:\/\/www.hrrio.cl\/web2\/wp-json\/wp\/v2\/users\/6"}],"replies":[{"embeddable":true,"href":"http:\/\/www.hrrio.cl\/web2\/wp-json\/wp\/v2\/comments?post=5850"}],"version-history":[{"count":2,"href":"http:\/\/www.hrrio.cl\/web2\/wp-json\/wp\/v2\/pages\/5850\/revisions"}],"predecessor-version":[{"id":21308,"href":"http:\/\/www.hrrio.cl\/web2\/wp-json\/wp\/v2\/pages\/5850\/revisions\/21308"}],"wp:attachment":[{"href":"http:\/\/www.hrrio.cl\/web2\/wp-json\/wp\/v2\/media?parent=5850"}],"curies":[{"name":"wp","href":"https:\/\/api.w.org\/{rel}","templated":true}]}}