{"id":13049,"date":"2020-02-24T10:22:57","date_gmt":"2020-02-24T13:22:57","guid":{"rendered":"http:\/\/www.hrrio.cl\/web2\/?page_id=13049"},"modified":"2023-03-02T15:46:48","modified_gmt":"2023-03-02T18:46:48","slug":"gestion-de-personas-informa","status":"publish","type":"page","link":"http:\/\/www.hrrio.cl\/web2\/gestion-de-personas-informa\/","title":{"rendered":"Gesti\u00f3n de Personas Informa"},"content":{"rendered":"<p>[et_pb_section fb_built=\u00bb1&#8243; fullwidth=\u00bbon\u00bb custom_padding_last_edited=\u00bbon|desktop\u00bb admin_label=\u00bbsection\u00bb _builder_version=\u00bb3.22.3&#8243; background_color=\u00bb#ffffff\u00bb background_image=\u00bbhttp:\/\/www.hrrio.cl\/web2\/wp-content\/uploads\/2015\/07\/fondo-azul.jpg\u00bb parallax=\u00bbon\u00bb parallax_method=\u00bboff\u00bb custom_padding_tablet=\u00bb50px|0|50px|0&#8243; custom_padding_phone=\u00bb\u00bb transparent_background=\u00bboff\u00bb padding_mobile=\u00bboff\u00bb][et_pb_fullwidth_header title=\u00bbGesti\u00f3n de Personas Informa\u00bb header_image_url=\u00bbhttp:\/\/www.hrrio.cl\/web2\/wp-content\/uploads\/2015\/07\/autoridades.png\u00bb admin_label=\u00bbFullwidth Header\u00bb _builder_version=\u00bb4.3.3&#8243; background_color=\u00bbrgba(255, 255, 255, 0)\u00bb button_one_letter_spacing_hover=\u00bb0&#8243; button_two_letter_spacing_hover=\u00bb0&#8243; button_one_text_size__hover_enabled=\u00bboff\u00bb button_one_text_size__hover=\u00bbnull\u00bb button_two_text_size__hover_enabled=\u00bboff\u00bb button_two_text_size__hover=\u00bbnull\u00bb button_one_text_color__hover_enabled=\u00bboff\u00bb button_one_text_color__hover=\u00bbnull\u00bb button_two_text_color__hover_enabled=\u00bboff\u00bb button_two_text_color__hover=\u00bbnull\u00bb button_one_border_width__hover_enabled=\u00bboff\u00bb button_one_border_width__hover=\u00bbnull\u00bb button_two_border_width__hover_enabled=\u00bboff\u00bb button_two_border_width__hover=\u00bbnull\u00bb button_one_border_color__hover_enabled=\u00bboff\u00bb button_one_border_color__hover=\u00bbnull\u00bb button_two_border_color__hover_enabled=\u00bboff\u00bb button_two_border_color__hover=\u00bbnull\u00bb button_one_border_radius__hover_enabled=\u00bboff\u00bb button_one_border_radius__hover=\u00bbnull\u00bb button_two_border_radius__hover_enabled=\u00bboff\u00bb button_two_border_radius__hover=\u00bbnull\u00bb button_one_letter_spacing__hover_enabled=\u00bbon\u00bb button_one_letter_spacing__hover=\u00bb0&#8243; button_two_letter_spacing__hover_enabled=\u00bbon\u00bb button_two_letter_spacing__hover=\u00bb0&#8243; button_one_bg_color__hover_enabled=\u00bboff\u00bb button_one_bg_color__hover=\u00bbnull\u00bb button_two_bg_color__hover_enabled=\u00bboff\u00bb button_two_bg_color__hover=\u00bbnull\u00bb][\/et_pb_fullwidth_header][\/et_pb_section][et_pb_section fb_built=\u00bb1&#8243; admin_label=\u00bbsection\u00bb _builder_version=\u00bb3.22.3&#8243;][et_pb_row admin_label=\u00bbrow\u00bb _builder_version=\u00bb3.25&#8243; background_size=\u00bbinitial\u00bb background_position=\u00bbtop_left\u00bb background_repeat=\u00bbrepeat\u00bb][et_pb_column type=\u00bb4_4&#8243; _builder_version=\u00bb3.25&#8243; custom_padding=\u00bb|||\u00bb custom_padding__hover=\u00bb|||\u00bb][et_pb_text admin_label=\u00bbTabla\u00bb _builder_version=\u00bb4.9.7&#8243; background_size=\u00bbinitial\u00bb background_position=\u00bbtop_left\u00bb background_repeat=\u00bbrepeat\u00bb hover_enabled=\u00bb0&#8243; use_border_color=\u00bboff\u00bb sticky_enabled=\u00bb0&#8243;]<\/p>\n<p>&nbsp;<\/p>\n<table class=\"borderTable\" style=\"width: 100%; height: 1311px;\">\n<thead>\n<tr style=\"height: 46px;\">\n<td style=\"width: 105px; height: 46px;\"><strong>Fecha Publicaci\u00f3n<\/strong><\/td>\n<td style=\"width: 403px; height: 46px;\"><b>Descripci\u00f3n<\/b><\/td>\n<\/tr>\n<tr style=\"height: 24px;\">\n<td style=\"width: 105px; height: 24px;\">02-03-2023<\/td>\n<td style=\"width: 403px; height: 24px;\"><a href=\"http:\/\/www.hrrio.cl\/web2\/wp-content\/uploads\/2023\/03\/BASES-CONCURSO-PROMOCION-DE-LA-PLANTA-PROFESIONAL_compressed-comprimido.pdf\" rel=\"attachment wp-att-18686\">BASES CONCURSO PROMOCION DE LA PLANTA PROFESIONAL<\/a><\/td>\n<\/tr>\n<tr style=\"height: 45px;\">\n<td style=\"width: 105px; height: 45px;\">01-07-2022<\/td>\n<td style=\"width: 403px; height: 45px;\"><a href=\"http:\/\/www.hrrio.cl\/web2\/wp-content\/uploads\/2022\/07\/Resolucion-Ex.-N\u00b0-3338-Concurso-Asig.-Responsabilidad-Ley-19.664_compressed-2.pdf\" rel=\"attachment wp-att-17914\">Asignaci\u00f3n de Responsabilidad Ley 19.664<\/a><\/td>\n<\/tr>\n<tr style=\"height: 46px;\">\n<td style=\"width: 105px; height: 46px;\">14-04-2021<\/td>\n<td style=\"width: 403px; height: 46px;\"><a href=\"http:\/\/www.hrrio.cl\/web2\/wp-content\/uploads\/2021\/04\/REX-N\u00b0600-CONVOCATORIOA-CONCURSO-PLANTA-TECNICOS-2.pdf\" rel=\"attachment wp-att-16035\">Convocatoria concurso Planta T\u00e9cnicos\u00a0<\/a><\/td>\n<\/tr>\n<tr style=\"height: 46px;\">\n<td style=\"width: 105px; height: 46px;\">14-04-2021<\/td>\n<td style=\"width: 403px; height: 46px;\"><a href=\"http:\/\/www.hrrio.cl\/web2\/wp-content\/uploads\/2021\/04\/Res.-Exenta-N\u00b0895-20-09-2018-Aprueba-Bases-Generales-Concurso-Interno-Encasillamiento-Tec_Adm_Aux-Titulares-y-Contratas_compressed-1.pdf\" rel=\"attachment wp-att-16031\">Convocatoria concurso planta t\u00e9cnicos\u00a0<\/a><\/td>\n<\/tr>\n<tr style=\"height: 46px;\">\n<td style=\"width: 105px; height: 46px;\">14-04-2021<\/td>\n<td style=\"width: 403px; height: 46px;\"><a href=\"http:\/\/www.hrrio.cl\/web2\/wp-content\/uploads\/2021\/04\/Res.-Exenta-N\u00b01001-17-10-218-Modifica-Res.-Exenta-N\u00b0895-20-09-2018-2.pdf\" rel=\"attachment wp-att-16028\">Convocatoria para concurso planta t\u00e9cnicos<\/a><\/td>\n<\/tr>\n<tr style=\"height: 46px;\">\n<td style=\"width: 105px; height: 46px;\">10-12-2020<\/td>\n<td style=\"width: 403px; height: 46px;\"><a href=\"http:\/\/www.hrrio.cl\/web2\/wp-content\/uploads\/2020\/12\/Medidas-preventivas-HRRIO-fase-2.pdf\" rel=\"attachment wp-att-15344\">Memo N\u00b0 45\u00a0Medidas adoptadas ante Paso 2\u00a0<\/a><\/td>\n<\/tr>\n<tr style=\"height: 46px;\">\n<td style=\"width: 105px; height: 46px;\">19-11-2020<\/td>\n<td style=\"width: 403px; height: 46px;\"><a href=\"http:\/\/www.hrrio.cl\/web2\/wp-content\/uploads\/2020\/11\/NOMINA-PUNTAJES-DEFINITIVOS-ADMINISTRATIVOS.pdf\" rel=\"attachment wp-att-15220\">N\u00f3mina De Resultados Definitivos Del Concurso Interno De Encasillamiento Planta De Administrativos &#8211; 2<\/a><\/td>\n<\/tr>\n<tr style=\"height: 46px;\">\n<td style=\"width: 105px; height: 46px;\">19-11-2020<\/td>\n<td style=\"width: 403px; height: 46px;\"><a href=\"http:\/\/www.hrrio.cl\/web2\/wp-content\/uploads\/2020\/11\/Nomina-Resultados-Definitivos-Planta-Administrativos.pdf\" rel=\"attachment wp-att-15218\">N\u00f3mina De Resultados Definitivos Del Concurso Interno De Encasillamiento Planta De Administrativos &#8211; 1<\/a><\/td>\n<\/tr>\n<tr style=\"height: 46px;\">\n<td style=\"width: 105px; height: 46px;\">19-11-2020<\/td>\n<td style=\"width: 403px; height: 46px;\"><a href=\"http:\/\/www.hrrio.cl\/web2\/wp-content\/uploads\/2020\/11\/NOMINA-PUNTAJES-DEFINITIVOS-PROFESIONALES.pdf\" rel=\"attachment wp-att-15219\">N\u00f3mina De Resultados Definitivos Del Concurso Interno De Encasillamiento Planta De Profesionales &#8211; 2<\/a><\/td>\n<\/tr>\n<tr style=\"height: 46px;\">\n<td style=\"width: 105px; height: 46px;\">19-11-2020<\/td>\n<td style=\"width: 403px; height: 46px;\"><a href=\"http:\/\/www.hrrio.cl\/web2\/wp-content\/uploads\/2020\/11\/Nomina-Resultados-Definitivos-Planta-Profesionales.pdf\" rel=\"attachment wp-att-15217\">N\u00f3mina De Resultados Definitivos Del Concurso Interno De Encasillamiento Planta De Profesionales &#8211; 1<\/a><\/td>\n<\/tr>\n<tr style=\"height: 46px;\">\n<td style=\"width: 105px; height: 46px;\">05-11-2020<\/td>\n<td style=\"width: 403px; height: 46px;\"><a href=\"http:\/\/www.hrrio.cl\/web2\/wp-content\/uploads\/2020\/11\/1988-Profesionales.pdf\" rel=\"attachment wp-att-15056\">Calendarizaci\u00f3n encasillamiento planta profesionales<\/a><\/td>\n<\/tr>\n<tr style=\"height: 46px;\">\n<td style=\"width: 105px; height: 46px;\">05-11-2020<\/td>\n<td style=\"width: 403px; height: 46px;\"><a href=\"http:\/\/www.hrrio.cl\/web2\/wp-content\/uploads\/2020\/11\/1989-Administrativos.pdf\" rel=\"attachment wp-att-15055\">Calendarizaci\u00f3n encasillamiento planta administrativos<\/a><\/td>\n<\/tr>\n<tr style=\"height: 46px;\">\n<td style=\"width: 105px; height: 46px;\">05-11-2020<\/td>\n<td style=\"width: 403px; height: 46px;\"><a href=\"http:\/\/www.hrrio.cl\/web2\/wp-content\/uploads\/2020\/11\/NOMINA-PUNTAJES-PRELIMINARES-ADM.-Formato-PDF.pdf\" rel=\"attachment wp-att-15048\">Puntajes 3era Etapa\/2do Proceso Encasillamiento Plantas Administrativos &#8211; 2<\/a><\/td>\n<\/tr>\n<tr style=\"height: 46px;\">\n<td style=\"width: 105px; height: 46px;\">05-11-2020<\/td>\n<td style=\"width: 403px; height: 46px;\"><a href=\"http:\/\/www.hrrio.cl\/web2\/wp-content\/uploads\/2020\/11\/NOMINA-PUNTAJES-PRELIMINARES-ADMINISTRATIVOS.pdf\" rel=\"attachment wp-att-15049\">Puntajes 3era Etapa\/2do Proceso Encasillamiento Plantas Administrativos &#8211; 1<\/a><\/td>\n<\/tr>\n<tr style=\"height: 46px;\">\n<td style=\"width: 105px; height: 46px;\">05-11-2020<\/td>\n<td style=\"width: 403px; height: 46px;\"><a href=\"http:\/\/www.hrrio.cl\/web2\/wp-content\/uploads\/2020\/11\/NOMINA-PUNTAJES-PRELIMINARES-PROF-Formato-PDF.pdf\" rel=\"attachment wp-att-15050\">Puntajes 3era Etapa\/2do Proceso Encasillamiento Plantas Profesionales\u00a0 &#8211; 2\u00a0<\/a><\/td>\n<\/tr>\n<tr style=\"height: 46px;\">\n<td style=\"width: 105px; height: 46px;\">05-11-2020<\/td>\n<td style=\"width: 403px; height: 46px;\"><a href=\"http:\/\/www.hrrio.cl\/web2\/wp-content\/uploads\/2020\/11\/NOMINA-PUNTAJES-PRELIMINARES-PROF.pdf\" rel=\"attachment wp-att-15051\">Puntajes 3era Etapa\/2do Proceso Encasillamiento Plantas Profesionales &#8211; 1<\/a><\/td>\n<\/tr>\n<tr style=\"height: 46px;\">\n<td style=\"width: 105px; height: 46px;\">08-10-2020<\/td>\n<td style=\"width: 403px; height: 46px;\"><a href=\"http:\/\/www.hrrio.cl\/web2\/wp-content\/uploads\/2020\/11\/PUBLICACION-NOMINA-DEFINITIVA-2DA-ETAPA-2DO-PROCESO-DE-ENCASILLAMIENTO-P.._.xlsx\" rel=\"attachment wp-att-15066\">Nomina Definitiva 2da Etapa 2do Proceso De Encasillamiento Planta De T\u00e9cnicos<\/a>\u00a0(Excel)<\/td>\n<\/tr>\n<tr style=\"height: 46px;\">\n<td style=\"width: 105px; height: 46px;\">08-10-2020<\/td>\n<td style=\"width: 403px; height: 46px;\"><a href=\"http:\/\/www.hrrio.cl\/web2\/wp-content\/uploads\/2020\/11\/PUBLICACION-NOMINA-DEFINITIVA-2DA-ETAPA-2DO-PROCESO-DE-ENCASILLAMIENTO-P....pdf\" rel=\"attachment wp-att-15065\">Nomina Definitiva 2da Etapa 2do Proceso De Encasillamiento Planta De T\u00e9cnicos<\/a><\/td>\n<\/tr>\n<tr style=\"height: 46px;\">\n<td style=\"width: 105px; height: 46px;\">08-10-2020<\/td>\n<td style=\"width: 403px; height: 46px;\"><a href=\"http:\/\/www.hrrio.cl\/web2\/wp-content\/uploads\/2020\/11\/PLANILLA-CIET-3ERA-ETAPA-PROFESIONALES.xlsx\" rel=\"attachment wp-att-15059\">Planilla CIET 3era Etapa Profesionales<\/a><\/td>\n<\/tr>\n<tr style=\"height: 46px;\">\n<td style=\"width: 105px; height: 46px;\">08-10-2020<\/td>\n<td style=\"width: 403px; height: 46px;\"><a href=\"http:\/\/www.hrrio.cl\/web2\/wp-content\/uploads\/2020\/11\/R.E.-N\u00b0-1321-BASES-CONCURSO-INTERNO-TITULARES-Y-CONTRATAS-PROF.pdf\" rel=\"attachment wp-att-15061\">R.E. N\u00b0 1321 Bases Concurso Interno Titulares Y Contratas Profesionales<\/a><\/td>\n<\/tr>\n<tr style=\"height: 46px;\">\n<td style=\"width: 105px; height: 46px;\">08-10-2020<\/td>\n<td style=\"width: 403px; height: 46px;\"><a href=\"http:\/\/www.hrrio.cl\/web2\/wp-content\/uploads\/2020\/11\/CALENDARIO-CONCURSO-INTERNO-PROFESIONALES.pdf\" rel=\"attachment wp-att-15062\">Calendario concurso interno profesionales<\/a><\/td>\n<\/tr>\n<tr style=\"height: 46px;\">\n<td style=\"width: 105px; height: 46px;\">08-10-2020<\/td>\n<td style=\"width: 403px; height: 46px;\"><a href=\"http:\/\/www.hrrio.cl\/web2\/wp-content\/uploads\/2020\/11\/RES-N\u00b01859-CONVOCA-CONCURSO-INTERNO-PROFESIONALES.pdf\" rel=\"attachment wp-att-15063\">Resoluci\u00f3n N\u00b0 1859 Convoca Concurso Interno Profesionales<\/a><\/td>\n<\/tr>\n<tr style=\"height: 46px;\">\n<td style=\"width: 105px; height: 46px;\">08-10-2020<\/td>\n<td style=\"width: 403px; height: 46px;\"><a href=\"http:\/\/www.hrrio.cl\/web2\/wp-content\/uploads\/2020\/11\/RES-N\u00b01850-COMITE-DE-SELECCION-PROFESIONALES.pdf\" rel=\"attachment wp-att-15064\">Resoluci\u00f3n N\u00b0 1850 Comit\u00e9 De Selecci\u00f3n Profesionales<\/a><\/td>\n<\/tr>\n<tr style=\"height: 46px;\">\n<td style=\"width: 105px; height: 46px;\">16-06-2020<\/td>\n<td style=\"width: 403px; height: 46px;\"><a href=\"http:\/\/www.hrrio.cl\/web2\/wp-content\/uploads\/2020\/06\/Resoluci\u00f3n-N\u00b0-3613-Modificaci\u00f3n-Calendario.pdf\" rel=\"attachment wp-att-13896\">Resoluci\u00f3n N\u00b0 3613 &#8211; Modificaci\u00f3n Calendario<\/a><\/td>\n<\/tr>\n<tr style=\"height: 46px;\">\n<td style=\"width: 105px; height: 46px;\">21\/02-2020<\/td>\n<td style=\"width: 403px; height: 46px;\"><a href=\"http:\/\/www.hrrio.cl\/web2\/wp-content\/uploads\/2020\/02\/ANEXOS-ACREDITACION.doc\">Documentos Anexos del Proceso de Acreditaci\u00f3n Profesionales Funcionarios Ley 19.664<\/a><\/td>\n<\/tr>\n<tr style=\"height: 46px;\">\n<td style=\"width: 105px; height: 46px;\">21-02-2020<\/td>\n<td style=\"width: 403px; height: 46px;\"><a href=\"http:\/\/www.hrrio.cl\/web2\/wp-content\/uploads\/2020\/02\/cronograma_2020.pdf\" target=\"_blank\" rel=\"noopener noreferrer\">Cronograma del Proceso de Acreditaci\u00f3n Profesionales Funcionarios Ley 19.664<\/a><\/td>\n<\/tr>\n<tr style=\"height: 46px;\">\n<td style=\"width: 105px; height: 46px;\">21-02-2020<\/td>\n<td style=\"width: 403px; height: 46px;\"><a href=\"http:\/\/www.hrrio.cl\/web2\/wp-content\/uploads\/2020\/02\/documentos_a_presentar.pdf\" target=\"_blank\" rel=\"noopener noreferrer\">Documentos a presentar Proceso de Acreditaci\u00f3n Profesionales Funcionarios Ley 19.664<\/a><\/td>\n<\/tr>\n<tr style=\"height: 46px;\">\n<td style=\"width: 105px; height: 46px;\">21-02-2020<\/td>\n<td style=\"width: 403px; height: 46px;\"><a href=\"http:\/\/www.hrrio.cl\/documentos\/bases_acreditacion_20192020.pdf\" target=\"_blank\" rel=\"noopener noreferrer\">Bases del Sistema de Acreditaci\u00f3n Profesionales funcionarios m\u00e9dicos cirujanos, cirujanos dentistas, qu\u00edmicos farmac\u00e9uticos y bioqu\u00edmicos Servicio de Salud Metropolitano Norte 2019 \u2013 2020<\/a><\/td>\n<\/tr>\n<\/thead>\n<\/table>\n<p>&nbsp;<\/p>\n<p>[\/et_pb_text][\/et_pb_column][\/et_pb_row][\/et_pb_section]<\/p>\n","protected":false},"excerpt":{"rendered":"<p>[et_pb_section fb_built=\u00bb1&#8243; fullwidth=\u00bbon\u00bb custom_padding_last_edited=\u00bbon|desktop\u00bb admin_label=\u00bbsection\u00bb _builder_version=\u00bb3.22.3&#8243; background_color=\u00bb#ffffff\u00bb background_image=\u00bbhttp:\/\/www.hrrio.cl\/web2\/wp-content\/uploads\/2015\/07\/fondo-azul.jpg\u00bb parallax=\u00bbon\u00bb parallax_method=\u00bboff\u00bb custom_padding_tablet=\u00bb50px|0|50px|0&#8243; custom_padding_phone=\u00bb\u00bb transparent_background=\u00bboff\u00bb padding_mobile=\u00bboff\u00bb][et_pb_fullwidth_header title=\u00bbGesti\u00f3n de Personas Informa\u00bb header_image_url=\u00bbhttp:\/\/www.hrrio.cl\/web2\/wp-content\/uploads\/2015\/07\/autoridades.png\u00bb admin_label=\u00bbFullwidth Header\u00bb _builder_version=\u00bb4.3.3&#8243; background_color=\u00bbrgba(255, 255, 255, 0)\u00bb button_one_letter_spacing_hover=\u00bb0&#8243; button_two_letter_spacing_hover=\u00bb0&#8243; button_one_text_size__hover_enabled=\u00bboff\u00bb button_one_text_size__hover=\u00bbnull\u00bb button_two_text_size__hover_enabled=\u00bboff\u00bb button_two_text_size__hover=\u00bbnull\u00bb button_one_text_color__hover_enabled=\u00bboff\u00bb button_one_text_color__hover=\u00bbnull\u00bb button_two_text_color__hover_enabled=\u00bboff\u00bb button_two_text_color__hover=\u00bbnull\u00bb button_one_border_width__hover_enabled=\u00bboff\u00bb button_one_border_width__hover=\u00bbnull\u00bb button_two_border_width__hover_enabled=\u00bboff\u00bb button_two_border_width__hover=\u00bbnull\u00bb button_one_border_color__hover_enabled=\u00bboff\u00bb button_one_border_color__hover=\u00bbnull\u00bb button_two_border_color__hover_enabled=\u00bboff\u00bb button_two_border_color__hover=\u00bbnull\u00bb button_one_border_radius__hover_enabled=\u00bboff\u00bb button_one_border_radius__hover=\u00bbnull\u00bb button_two_border_radius__hover_enabled=\u00bboff\u00bb button_two_border_radius__hover=\u00bbnull\u00bb button_one_letter_spacing__hover_enabled=\u00bbon\u00bb button_one_letter_spacing__hover=\u00bb0&#8243; button_two_letter_spacing__hover_enabled=\u00bbon\u00bb button_two_letter_spacing__hover=\u00bb0&#8243; button_one_bg_color__hover_enabled=\u00bboff\u00bb button_one_bg_color__hover=\u00bbnull\u00bb button_two_bg_color__hover_enabled=\u00bboff\u00bb [&hellip;]<\/p>\n","protected":false},"author":6,"featured_media":0,"parent":0,"menu_order":0,"comment_status":"closed","ping_status":"closed","template":"","meta":{"_et_pb_use_builder":"on","_et_pb_old_content":"","_et_gb_content_width":""},"_links":{"self":[{"href":"http:\/\/www.hrrio.cl\/web2\/wp-json\/wp\/v2\/pages\/13049"}],"collection":[{"href":"http:\/\/www.hrrio.cl\/web2\/wp-json\/wp\/v2\/pages"}],"about":[{"href":"http:\/\/www.hrrio.cl\/web2\/wp-json\/wp\/v2\/types\/page"}],"author":[{"embeddable":true,"href":"http:\/\/www.hrrio.cl\/web2\/wp-json\/wp\/v2\/users\/6"}],"replies":[{"embeddable":true,"href":"http:\/\/www.hrrio.cl\/web2\/wp-json\/wp\/v2\/comments?post=13049"}],"version-history":[{"count":0,"href":"http:\/\/www.hrrio.cl\/web2\/wp-json\/wp\/v2\/pages\/13049\/revisions"}],"wp:attachment":[{"href":"http:\/\/www.hrrio.cl\/web2\/wp-json\/wp\/v2\/media?parent=13049"}],"curies":[{"name":"wp","href":"https:\/\/api.w.org\/{rel}","templated":true}]}}